{"id":557,"date":"2022-09-21T09:08:15","date_gmt":"2022-09-21T09:08:15","guid":{"rendered":"https:\/\/corralejolodge.com\/?page_id=557"},"modified":"2022-10-28T21:58:57","modified_gmt":"2022-10-28T21:58:57","slug":"politica-de-privacidad","status":"publish","type":"page","link":"https:\/\/corralejolodge.com\/index.php\/politica-de-privacidad\/","title":{"rendered":"Pol\u00edtica de privacidad"},"content":{"rendered":"\t\t<div data-elementor-type=\"wp-page\" data-elementor-id=\"557\" class=\"elementor elementor-557\">\n\t\t\t\t\t\t<section class=\"elementor-section elementor-top-section elementor-element elementor-element-7c74e29 elementor-section-boxed elementor-section-height-default elementor-section-height-default\" data-id=\"7c74e29\" data-element_type=\"section\" data-e-type=\"section\">\n\t\t\t\t\t\t<div class=\"elementor-container elementor-column-gap-default\">\n\t\t\t\t\t<div class=\"elementor-column elementor-col-100 elementor-top-column elementor-element elementor-element-c03845f\" data-id=\"c03845f\" data-element_type=\"column\" data-e-type=\"column\">\n\t\t\t<div class=\"elementor-widget-wrap elementor-element-populated\">\n\t\t\t\t\t\t<div class=\"elementor-element elementor-element-10a5824 elementor-widget elementor-widget-text-editor\" data-id=\"10a5824\" data-element_type=\"widget\" data-e-type=\"widget\" data-widget_type=\"text-editor.default\">\n\t\t\t\t<div class=\"elementor-widget-container\">\n\t\t\t\t\t\t\t\t\t<p class=\"Explicacion\" style=\"margin: 0cm -0.05pt 0.0001pt 0cm; text-align: justify; font-size: 10pt; font-family: 'Open Sans', sans-serif; color: #000000; font-style: normal; font-weight: 400;\">\n<\/p><p class=\"MsoNormal\" style=\"margin: 12pt 14.2pt 0.0001pt; text-align: center; font-size: 9pt; font-family: Verdana, sans-serif; color: #000000; font-style: normal; font-weight: 400;\" align=\"center\"><span class=\"Fuentedeprrafopredeter1\"><b>&nbsp;<\/b><\/span><b style=\"font-size: 8.5pt; text-align: justify;\"><span style=\"font-size: 9pt;\">NUESTRA POL\u00cdTICA DE PRIVACIDAD DE UN VISTAZO<\/span><\/b><\/p>\n<p class=\"clausulascliente\" style=\"margin: 0cm 0cm 0.0001pt; text-align: justify; font-size: 8.5pt; font-family: Verdana, sans-serif; color: #000000; font-style: normal; font-weight: 400; line-height: normal;\"><b><span style=\"font-size: 9pt;\">&nbsp;<\/span><\/b><\/p>\n<p class=\"clausulascliente\" style=\"margin: 0cm 0cm 0.0001pt; text-align: justify; font-size: 8.5pt; font-family: Verdana, sans-serif; color: #000000; font-style: normal; font-weight: 400; line-height: normal;\"><b><span style=\"font-size: 9pt;\">\u00bfQui\u00e9nes somos? <\/span><\/b><span style=\"font-size: 9pt;\">Somos JOSEFA GRANJEL REDONDO y tratamos tus datos como Responsable del Tratamiento. Eso significa que nos hacemos cargo de c\u00f3mo usar y proteger tus datos personales.<\/span><\/p>\n<p class=\"clausulascliente\" style=\"margin: 0cm 0cm 0.0001pt; text-align: justify; font-size: 8.5pt; font-family: Verdana, sans-serif; color: #000000; font-style: normal; font-weight: 400; line-height: normal;\"><b><span style=\"font-size: 9pt;\">&nbsp;<\/span><\/b><\/p>\n<p class=\"clausulascliente\" style=\"margin: 0cm 0cm 0.0001pt; text-align: justify; font-size: 8.5pt; font-family: Verdana, sans-serif; color: #000000; font-style: normal; font-weight: 400; line-height: normal;\"><b><span style=\"font-size: 9pt;\">\u00bfPara qu\u00e9 usamos tus datos? <\/span><\/b><span style=\"font-size: 9pt;\">Usamos los datos que nos has facilitado online o a trav\u00e9s de cualquier otro medio para atender tus consultas y sugerencias, prestarte los servicios solicitados, as\u00ed como tramitar tu reserva online.<\/span><b><\/b><\/p>\n<p class=\"clausulascliente\" style=\"margin: 0cm 0cm 0.0001pt; text-align: justify; font-size: 8.5pt; font-family: Verdana, sans-serif; color: #000000; font-style: normal; font-weight: 400; line-height: normal;\"><b><span style=\"font-size: 9pt;\">&nbsp;<\/span><\/b><\/p>\n<p class=\"clausulascliente\" style=\"margin: 0cm 0cm 0.0001pt; text-align: justify; font-size: 8.5pt; font-family: Verdana, sans-serif; color: #000000; font-style: normal; font-weight: 400; line-height: normal;\"><b><span style=\"font-size: 9pt;\">\u00bfPor qu\u00e9 los tenemos?&nbsp; <\/span><\/b><span style=\"font-size: 9pt;\">Estamos legitimados a tratar tus datos por diferentes motivos. Al rellenar un formulario o mandar un correo-e en el que nos planteas una consulta o sugerencia tenemos un inter\u00e9s leg\u00edtimo en atenderla. Cuando te registras en nuestra web o realizas una reserva debemos ejecutar el contrato que aceptas con nosotros, igual que tenemos la obligaci\u00f3n legal de emitir una factura en la que se recogen tus datos. Tambi\u00e9n estamos legitimados por tu consentimiento cuando nos prestas autorizaci\u00f3n para enviarte nuestra newsletter y las ofertas personalizadas.<\/span><\/p>\n<p class=\"clausulascliente\" style=\"margin: 0cm 0cm 0.0001pt; text-align: justify; font-size: 8.5pt; font-family: Verdana, sans-serif; color: #000000; font-style: normal; font-weight: 400; line-height: normal;\"><span style=\"font-size: 9pt;\">&nbsp;<\/span><\/p>\n<p class=\"clausulascliente\" style=\"margin: 0cm 0cm 0.0001pt; text-align: justify; font-size: 8.5pt; font-family: Verdana, sans-serif; color: #000000; font-style: normal; font-weight: 400; line-height: normal;\"><b><span style=\"font-size: 9pt;\">\u00bfCon qui\u00e9n compartimos tus datos?<\/span><\/b><span style=\"font-size: 9pt;\"> Solo compartiremos los datos con aquellas empresas colaboradoras para atender las solicitudes recibidas y prestar nuestros servicios, entidades bancarias y organismos obligados por ley. En ning\u00fan caso vendemos tus datos a terceros.<\/span><\/p>\n<p class=\"clausulascliente\" style=\"margin: 0cm 0cm 0.0001pt; text-align: justify; font-size: 8.5pt; font-family: Verdana, sans-serif; color: #000000; font-style: normal; font-weight: 400; line-height: normal;\"><span style=\"font-size: 9pt;\">&nbsp;<\/span><\/p>\n<p class=\"clausulascliente\" style=\"margin: 0cm 0cm 0.0001pt; text-align: justify; font-size: 8.5pt; font-family: Verdana, sans-serif; color: #000000; font-style: normal; font-weight: 400; line-height: normal;\"><b><span style=\"font-size: 9pt;\">\u00bfQu\u00e9 derechos tienes?<\/span><\/b><span style=\"font-size: 9pt;\"> Tienes derecho a acceder, rectificar o suprimir tus datos personales.&nbsp; Tambi\u00e9n tienes derecho a oponerte a que usemos datos que nos hayas autorizado a usar previamente, a portarlos y a no ser objeto de decisiones individualizadas automatizadas.<\/span><\/p>\n<p class=\"clausulascliente\" style=\"margin: 0cm 0cm 0.0001pt; text-align: justify; font-size: 8.5pt; font-family: Verdana, sans-serif; color: #000000; font-style: normal; font-weight: 400; line-height: normal;\"><span style=\"font-size: 9pt;\">En el tratamiento de tus datos personales, aplicamos los siguientes principios para garantizar la mayor protecci\u00f3n para ti:<\/span><\/p>\n<p class=\"clausulascliente\" style=\"margin: 0cm 0cm 0.0001pt; text-align: justify; font-size: 8.5pt; font-family: Verdana, sans-serif; color: #000000; font-style: normal; font-weight: 400; line-height: normal;\"><span style=\"font-size: 9pt;\">&nbsp;<\/span><\/p>\n<p class=\"MsoListParagraph\" style=\"margin: 6pt 0cm 6pt 35.45pt; text-align: justify; font-size: 9pt; font-family: Verdana, sans-serif; color: #000000; font-style: normal; font-weight: 400; text-indent: -18pt;\"><span style=\"font-family: Symbol;\">\u00b7<span style=\"font-style: normal; font-variant-numeric: normal; font-variant-east-asian: normal; font-weight: normal; font-stretch: normal; font-size: 7pt; line-height: normal; font-family: 'Times New Roman';\">&nbsp;&nbsp;&nbsp;&nbsp;&nbsp;&nbsp; <\/span><\/span><b>Principio<\/b><b> de licitud, lealtad y transparencia:<\/b> Siempre vamos a requerir tu consentimiento para el tratamiento de tus datos personales para uno o varios fines espec\u00edficos que te informaremos previamente con absoluta transparencia.<\/p>\n<p class=\"MsoListParagraph\" style=\"margin: 6pt 0cm 6pt 35.45pt; text-align: justify; font-size: 9pt; font-family: Verdana, sans-serif; color: #000000; font-style: normal; font-weight: 400; text-indent: -18pt;\"><span style=\"font-family: Symbol;\">\u00b7<span style=\"font-style: normal; font-variant-numeric: normal; font-variant-east-asian: normal; font-weight: normal; font-stretch: normal; font-size: 7pt; line-height: normal; font-family: 'Times New Roman';\">&nbsp;&nbsp;&nbsp;&nbsp;&nbsp;&nbsp; <\/span><\/span><b>Principio de minimizaci\u00f3n de datos:<\/b> Solo vamos a solicitar datos estrictamente necesarios en relaci\u00f3n con los fines para los que los requerimos. Los m\u00ednimos posibles.<\/p>\n<p class=\"MsoListParagraph\" style=\"margin: 6pt 0cm 6pt 35.45pt; text-align: justify; font-size: 9pt; font-family: Verdana, sans-serif; color: #000000; font-style: normal; font-weight: 400; text-indent: -18pt;\"><span style=\"font-family: Symbol;\">\u00b7<span style=\"font-style: normal; font-variant-numeric: normal; font-variant-east-asian: normal; font-weight: normal; font-stretch: normal; font-size: 7pt; line-height: normal; font-family: 'Times New Roman';\">&nbsp;&nbsp;&nbsp;&nbsp;&nbsp;&nbsp; <\/span><\/span><b>Principio de limitaci\u00f3n del plazo de conservaci\u00f3n: <\/b>los datos ser\u00e1n mantenidos durante no m\u00e1s tiempo del necesario para los fines del tratamiento, en funci\u00f3n a la finalidad, te informaremos del plazo de conservaci\u00f3n correspondiente, en el caso de suscripciones, peri\u00f3dicamente revisaremos nuestras listas y eliminaremos aquellos registros inactivos durante un tiempo considerable.<\/p>\n<p class=\"MsoListParagraph\" style=\"margin: 6pt 0cm 6pt 35.45pt; text-align: justify; font-size: 9pt; font-family: Verdana, sans-serif; color: #000000; font-style: normal; font-weight: 400; text-indent: -18pt;\"><span style=\"font-family: Symbol;\">\u00b7<span style=\"font-style: normal; font-variant-numeric: normal; font-variant-east-asian: normal; font-weight: normal; font-stretch: normal; font-size: 7pt; line-height: normal; font-family: 'Times New Roman';\">&nbsp;&nbsp;&nbsp;&nbsp;&nbsp;&nbsp; <\/span><\/span><b>Principio de integridad y confidencialidad: <\/b>Tus datos ser\u00e1n tratados de tal manera que se garantice una seguridad adecuada de los datos personales y se garantice confidencialidad. Debes saber que tomamos todas las precauciones necesarias para evitar el acceso no autorizado o uso indebido de los datos de nuestros usuarios por parte de terceros.<\/p>\n<p class=\"clausulascliente\" style=\"margin: 0cm 0cm 0.0001pt; text-align: justify; font-size: 8.5pt; font-family: Verdana, sans-serif; color: #000000; font-style: normal; font-weight: 400; line-height: normal;\"><span style=\"font-size: 9pt;\">&nbsp;<\/span><\/p>\n<p class=\"clausulascliente\" style=\"margin: 0cm 0cm 0.0001pt; text-align: justify; font-size: 8.5pt; font-family: Verdana, sans-serif; color: #000000; font-style: normal; font-weight: 400; line-height: normal;\"><span style=\"font-size: 9pt;\">En esta pol\u00edtica de privacidad encontrar\u00e1s m\u00e1s informaci\u00f3n detallada sobre el uso que hacemos de los datos personales de nuestros clientes, proveedores y usuarios, y en general de todas las personas que mantienen contactos con nosotros, con independencia del medio que hayan utilizado para comunicarse (formulario online, por tel\u00e9fono o por correo-e, de forma presencial).<\/span><\/p>\n<p class=\"clausulascliente\" style=\"margin: 0cm 0cm 0.0001pt; text-align: justify; font-size: 8.5pt; font-family: Verdana, sans-serif; color: #000000; font-style: normal; font-weight: 400; line-height: normal;\"><span style=\"font-size: 9pt;\">&nbsp;<\/span><\/p>\n<p class=\"clausulascliente\" style=\"margin: 0cm 0cm 0.0001pt; text-align: justify; font-size: 8.5pt; font-family: Verdana, sans-serif; color: #000000; font-style: normal; font-weight: 400; line-height: normal;\"><span style=\"font-size: 9pt;\">Nos gusta ser transparentes sobre lo que hacemos con tus datos personales, que entiendas las implicaciones de los usos que llevamos a cabo, o los derechos que dispones en relaci\u00f3n con tus datos. Por ese motivo mantenemos actualizada nuestra Pol\u00edtica de Privacidad, el Aviso legal y la Pol\u00edtica de cookies, informaci\u00f3n que puedes consultar en esta misma p\u00e1gina web.<\/span><\/p>\n<p class=\"clausulascliente\" style=\"margin: 0cm 0cm 0.0001pt; text-align: justify; font-size: 8.5pt; font-family: Verdana, sans-serif; color: #000000; font-style: normal; font-weight: 400; line-height: normal;\"><span style=\"font-size: 9pt;\">&nbsp;<\/span><\/p>\n<p class=\"clausulascliente\" style=\"margin: 0cm 0cm 0.0001pt; text-align: justify; font-size: 8.5pt; font-family: Verdana, sans-serif; color: #000000; font-style: normal; font-weight: 400; line-height: normal;\"><span style=\"font-size: 9pt;\">En caso de que tengas alguna duda o quieras obtener m\u00e1s informaci\u00f3n sobre la pol\u00edtica de privacidad puedes seguir leyendo el documento.<\/span><\/p>\n<p class=\"clausulascliente\" style=\"margin: 0cm 0cm 0.0001pt; text-align: justify; font-size: 8.5pt; font-family: Verdana, sans-serif; color: #000000; font-style: normal; font-weight: 400; line-height: normal;\"><b><span style=\"font-size: 9pt;\">&nbsp;<\/span><\/b><\/p>\n<p class=\"clausulascliente\" style=\"margin: 0cm 0cm 0.0001pt; text-align: justify; font-size: 8.5pt; font-family: Verdana, sans-serif; color: #000000; font-style: normal; font-weight: 400; line-height: normal;\"><a name=\"_Hlk514501708\"><\/a><span style=\"font-size: 9pt;\">JOSEFA GRANJEL REDONDO,<\/span><span style=\"font-size: 9pt;\"> se compromete a cumplir la legislaci\u00f3n vigente en cada momento en materia de tratamiento de datos de car\u00e1cter personal. Mediante la siguiente pol\u00edtica de privacidad JOSEFA GRANJEL REDONDO, de conformidad con las exigencias previstas en el RGPD y en la LOPDGDD, informa a los usuarios y a las personas de las que trata datos de:<\/span><\/p>\n<p class=\"clausulascliente\" style=\"margin: 0cm 0cm 0.0001pt; text-align: justify; font-size: 8.5pt; font-family: Verdana, sans-serif; color: #000000; font-style: normal; font-weight: 400; line-height: normal;\"><b><span style=\"font-size: 9pt;\">&nbsp;<\/span><\/b><\/p>\n<h2 style=\"margin: 6pt 0cm; text-align: justify; text-indent: 0cm; break-after: avoid; font-size: 9pt; font-family: Verdana, sans-serif; color: #000000; font-style: normal;\"><a name=\"_\u00bfQui\u00e9n_es_el\"><\/a>1.<span style=\"font-style: normal; font-variant-numeric: normal; font-variant-east-asian: normal; font-weight: normal; font-stretch: normal; font-size: 7pt; line-height: normal; font-family: 'Times New Roman';\">&nbsp;&nbsp;&nbsp;&nbsp;&nbsp;&nbsp;&nbsp;&nbsp;&nbsp;&nbsp;&nbsp;&nbsp; <\/span>\u00bfQUI\u00c9N ES EL RESPONSABLE DEL TRATAMIENTO DE TUS DATOS?<\/h2>\n<p class=\"clausulascliente\" style=\"margin: 6pt 0cm; text-align: justify; font-size: 8.5pt; font-family: Verdana, sans-serif; color: #000000; font-style: normal; font-weight: 400; line-height: normal;\"><span style=\"font-size: 9pt;\">El responsable del tratamiento de tus datos es JOSEFA GRANJEL REDONDO:<\/span><\/p>\n<table class=\"MsoNormalTable\" style=\"width: 17cm; margin-left: -0.25pt; border-collapse: collapse; border: initial none initial;\" border=\"1\" width=\"643\" cellspacing=\"0\" cellpadding=\"0\">\n<tbody>\n<tr>\n<td style=\"width: 168.7pt; border-width: 1pt; border-color: windowtext; padding: 0cm 5.4pt;\" valign=\"top\" width=\"225\">\n<p class=\"clausulascliente\" style=\"margin: 0cm 0cm 0.0001pt; text-align: justify; font-size: 8.5pt; font-family: Verdana, sans-serif; line-height: normal;\"><a name=\"_Hlk514501679\"><\/a><b><span style=\"font-size: 9pt;\">Identidad<\/span><\/b><\/p>\n<\/td>\n<td style=\"width: 313.25pt; border-top-width: 1pt; border-top-color: windowtext; border-right-width: 1pt; border-right-color: windowtext; border-bottom-width: 1pt; border-bottom-color: windowtext; border-left: none; padding: 0cm 5.4pt;\" valign=\"top\" width=\"418\">\n<p class=\"clausulascliente\" style=\"margin: 0cm 0cm 0.0001pt; text-align: justify; font-size: 8.5pt; font-family: Verdana, sans-serif; line-height: normal;\"><span style=\"font-size: 9pt;\">JOSEFA GRANJEL REDONDO &#8211; 01398203X<\/span><\/p>\n<\/td>\n<\/tr>\n<tr>\n<td style=\"width: 168.7pt; border-right-width: 1pt; border-right-color: windowtext; border-bottom-width: 1pt; border-bottom-color: windowtext; border-left-width: 1pt; border-left-color: windowtext; border-top: none; padding: 0cm 5.4pt;\" valign=\"top\" width=\"225\">\n<p class=\"clausulascliente\" style=\"margin: 0cm 0cm 0.0001pt; text-align: justify; font-size: 8.5pt; font-family: Verdana, sans-serif; line-height: normal;\"><b><span style=\"font-size: 9pt;\">Direcci\u00f3n<\/span><\/b><\/p>\n<\/td>\n<td style=\"width: 313.25pt; border-top: none; border-left: none; border-bottom-width: 1pt; border-bottom-color: windowtext; border-right-width: 1pt; border-right-color: windowtext; padding: 0cm 5.4pt;\" valign=\"top\" width=\"418\">\n<p class=\"clausulascliente\" style=\"margin: 0cm 0cm 0.0001pt; text-align: justify; font-size: 8.5pt; font-family: Verdana, sans-serif; line-height: normal;\"><span style=\"font-size: 9pt;\">Calle Pedro y Guy Vandaele, 21, 35660 &#8211; Corralejo&nbsp; (La Oliva , Fuerteventura) (Las Palmas)<\/span><\/p>\n<\/td>\n<\/tr>\n<tr style=\"height: 13.2pt;\">\n<td style=\"width: 168.7pt; border-right-width: 1pt; border-right-color: windowtext; border-bottom-width: 1pt; border-bottom-color: windowtext; border-left-width: 1pt; border-left-color: windowtext; border-top: none; padding: 0cm 5.4pt; height: 13.2pt;\" valign=\"top\" width=\"225\">\n<p class=\"clausulascliente\" style=\"margin: 0cm 0cm 0.0001pt; text-align: justify; font-size: 8.5pt; font-family: Verdana, sans-serif; line-height: normal;\"><b><span style=\"font-size: 9pt;\">Tel\u00e9fono<\/span><\/b><\/p>\n<\/td>\n<td style=\"width: 313.25pt; border-top: none; border-left: none; border-bottom-width: 1pt; border-bottom-color: windowtext; border-right-width: 1pt; border-right-color: windowtext; padding: 0cm 5.4pt; height: 13.2pt;\" valign=\"top\" width=\"418\">\n<p class=\"clausulascliente\" style=\"margin: 0cm 0cm 0.0001pt; text-align: justify; font-size: 8.5pt; font-family: Verdana, sans-serif; line-height: normal;\"><span style=\"font-size: 9pt;\">928535295<\/span><\/p>\n<\/td>\n<\/tr>\n<tr style=\"height: 13.2pt;\">\n<td style=\"width: 168.7pt; border-right-width: 1pt; border-right-color: windowtext; border-bottom-width: 1pt; border-bottom-color: windowtext; border-left-width: 1pt; border-left-color: windowtext; border-top: none; padding: 0cm 5.4pt; height: 13.2pt;\" valign=\"top\" width=\"225\">\n<p class=\"clausulascliente\" style=\"margin: 0cm 0cm 0.0001pt; text-align: justify; font-size: 8.5pt; font-family: Verdana, sans-serif; line-height: normal;\"><b><span style=\"font-size: 9pt;\">Web<\/span><\/b><\/p>\n<\/td>\n<td style=\"width: 313.25pt; border-top: none; border-left: none; border-bottom-width: 1pt; border-bottom-color: windowtext; border-right-width: 1pt; border-right-color: windowtext; padding: 0cm 5.4pt; height: 13.2pt;\" valign=\"top\" width=\"418\">\n<p class=\"clausulascliente\" style=\"margin: 0cm 0cm 0.0001pt; text-align: justify; font-size: 8.5pt; font-family: Verdana, sans-serif; line-height: normal;\"><span class=\"Fuentedeprrafopredeter1\">corralejolodge.com<\/span><\/p>\n<\/td>\n<\/tr>\n<tr>\n<td style=\"width: 168.7pt; border-right-width: 1pt; border-right-color: windowtext; border-bottom-width: 1pt; border-bottom-color: windowtext; border-left-width: 1pt; border-left-color: windowtext; border-top: none; padding: 0cm 5.4pt;\" valign=\"top\" width=\"225\">\n<p class=\"clausulascliente\" style=\"margin: 0cm 0cm 0.0001pt; text-align: justify; font-size: 8.5pt; font-family: Verdana, sans-serif; line-height: normal;\"><b><span style=\"font-size: 9pt;\">Correo-e<\/span><\/b><\/p>\n<\/td>\n<td style=\"width: 313.25pt; border-top: none; border-left: none; border-bottom-width: 1pt; border-bottom-color: windowtext; border-right-width: 1pt; border-right-color: windowtext; padding: 0cm 5.4pt;\" valign=\"top\" width=\"418\">\n<p class=\"clausulascliente\" style=\"margin: 0cm 0cm 0.0001pt; text-align: justify; font-size: 8.5pt; font-family: Verdana, sans-serif; line-height: normal;\"><span style=\"font-size: 9pt;\">info@corralejolodge.com<\/span><\/p>\n<\/td>\n<\/tr>\n<\/tbody>\n<\/table>\n<p class=\"clausulascliente\" style=\"margin: 0cm 0cm 0.0001pt; text-align: justify; font-size: 8.5pt; font-family: Verdana, sans-serif; color: #000000; font-style: normal; font-weight: 400; line-height: normal;\"><b><span style=\"font-size: 9pt;\">&nbsp;<\/span><\/b><\/p>\n<p class=\"clausulascliente\" style=\"margin: 0cm 0cm 6pt; text-align: justify; font-size: 8.5pt; font-family: Verdana, sans-serif; color: #000000; font-style: normal; font-weight: 400; line-height: normal;\"><span style=\"font-size: 9pt;\">JOSEFA GRANJEL REDONDO informa al usuario que los datos que nos facilite a trav\u00e9s de la navegaci\u00f3n por nuestra web, los diferentes formularios de recogida de datos o en el env\u00edo de correos electr\u00f3nicos, van a ser tratados por JOSEFA GRANJEL REDONDO y que dicho tratamiento se encuentra recogido en el Registro de Actividades de tratamiento gestionado por JOSEFA GRANJEL REDONDO conforme a lo establecido en el RGPD.<\/span><\/p>\n<h2 style=\"margin: 6pt 0cm; text-align: justify; text-indent: 0cm; break-after: avoid; font-size: 9pt; font-family: Verdana, sans-serif; color: #000000; font-style: normal;\">2.<span style=\"font-style: normal; font-variant-numeric: normal; font-variant-east-asian: normal; font-weight: normal; font-stretch: normal; font-size: 7pt; line-height: normal; font-family: 'Times New Roman';\">&nbsp;&nbsp;&nbsp;&nbsp;&nbsp;&nbsp;&nbsp;&nbsp;&nbsp;&nbsp;&nbsp;&nbsp; <\/span>\u00bfPARA QU\u00c9 SE UTILIZAN TUS DATOS PERSONALES?<\/h2>\n<p class=\"clausulascliente\" style=\"margin: 0cm 0cm 6pt; text-align: justify; font-size: 8.5pt; font-family: Verdana, sans-serif; color: #000000; font-style: normal; font-weight: 400; line-height: normal;\"><span style=\"font-size: 9pt;\">En <\/span><span class=\"Fuentedeprrafopredeter1\">corralejolodge.com, tratamos datos tanto de los usuarios de nuestra web, como de terceros que mantienen relaciones con nosotros. Con la finalidad de facilitar que conozcas el tratamiento que realizamos de tus datos, hemos diferenciado la finalidad a la que destinamos los datos, los tipos de datos y la base de legitimaci\u00f3n en funci\u00f3n de la categor\u00eda de personas de las que tratamos datos. A continuaci\u00f3n, clasificamos las personas de las que tratamos datos en funci\u00f3n del tipo de relaci\u00f3n que mantienen con JOSEFA GRANJEL REDONDO<\/span><\/p>\n<p class=\"clausulascliente\" style=\"margin: 6pt 0cm 6pt 21.3pt; text-align: justify; font-size: 8.5pt; font-family: Verdana, sans-serif; color: #000000; font-style: normal; font-weight: 400; text-indent: -21.6pt; line-height: normal;\"><b><span style=\"font-size: 9pt;\">2.1. <\/span><\/b><b><span style=\"font-size: 9pt;\">Usuarios web<\/span><\/b><\/p>\n<p class=\"clausulascliente\" style=\"margin: 0cm 14.2pt 6pt 21.3pt; text-align: justify; font-size: 8.5pt; font-family: Verdana, sans-serif; color: #000000; font-style: normal; font-weight: 400; text-indent: -21.3pt; line-height: normal;\"><b><span style=\"font-size: 9pt;\">\u00bfQu\u00e9 datos recopilamos de nuestros usuarios del sitio web?<\/span><\/b><\/p>\n<p class=\"MsoListParagraphCxSpFirst\" style=\"color: #000000; font-size: medium; font-style: normal; font-weight: 400; margin: 0cm 0cm 6pt 35.45pt; text-indent: -21.25pt; line-height: normal;\"><b>a)<span style=\"font-style: normal; font-variant-numeric: normal; font-variant-east-asian: normal; font-weight: normal; font-stretch: normal; font-size: 7pt; line-height: normal; font-family: 'Times New Roman';\">&nbsp;&nbsp;&nbsp;&nbsp; <\/span><\/b><b>Datos de los usuarios que rellenan cualquiera de los formularios disponibles: <\/b>Los datos personales que JOSEFA GRANJEL REDONDO solicita incluyen:<\/p>\n<p class=\"MsoListParagraphCxSpMiddle\" style=\"color: #000000; font-size: medium; font-style: normal; font-weight: 400; margin: 0cm 0cm 6pt 49.65pt; text-indent: -14.2pt; line-height: normal;\"><span style=\"font-family: Symbol;\">\u00b7<span style=\"font-style: normal; font-variant-numeric: normal; font-variant-east-asian: normal; font-weight: normal; font-stretch: normal; font-size: 7pt; line-height: normal; font-family: 'Times New Roman';\">&nbsp;&nbsp;&nbsp;&nbsp; <\/span><\/span><b>Datos identificativos: <\/b>nombre y apellidos, tel\u00e9fono, direcci\u00f3n postal y electr\u00f3nica<\/p>\n<p class=\"MsoListParagraphCxSpMiddle\" style=\"color: #000000; font-size: medium; font-style: normal; font-weight: 400; margin: 0cm 0cm 6pt 49.65pt; text-indent: -14.2pt; line-height: normal;\"><span style=\"font-family: Symbol;\">\u00b7<span style=\"font-style: normal; font-variant-numeric: normal; font-variant-east-asian: normal; font-weight: normal; font-stretch: normal; font-size: 7pt; line-height: normal; font-family: 'Times New Roman';\">&nbsp;&nbsp;&nbsp;&nbsp; <\/span><\/span><b>Datos relativos a la solicitud<\/b><\/p>\n<p class=\"MsoListParagraphCxSpMiddle\" style=\"color: #000000; font-size: medium; font-style: normal; font-weight: 400; margin: 0cm 0cm 6pt 35.45pt; text-indent: -21.25pt; line-height: normal;\"><b>b)<span style=\"font-style: normal; font-variant-numeric: normal; font-variant-east-asian: normal; font-weight: normal; font-stretch: normal; font-size: 7pt; line-height: normal; font-family: 'Times New Roman';\">&nbsp;&nbsp;&nbsp;&nbsp; <\/span><\/b><b>Datos de los usuarios que se suscriben al newsletter\/ quieren recibir informaci\u00f3n comunicaciones comerciales e informaci\u00f3n:<\/b><\/p>\n<p class=\"MsoListParagraphCxSpMiddle\" style=\"color: #000000; font-size: medium; font-style: normal; font-weight: 400; margin: 0cm 0cm 6pt 49.65pt; text-indent: -14.2pt; line-height: normal;\"><span style=\"font-family: Symbol;\">\u00b7<span style=\"font-style: normal; font-variant-numeric: normal; font-variant-east-asian: normal; font-weight: normal; font-stretch: normal; font-size: 7pt; line-height: normal; font-family: 'Times New Roman';\">&nbsp;&nbsp;&nbsp;&nbsp; <\/span><\/span><b>Datos identificativos: <\/b>Nombre y apellidos, direcci\u00f3n electr\u00f3nica.<b><\/b><\/p>\n<p class=\"MsoListParagraphCxSpLast\" style=\"color: #000000; font-size: medium; font-style: normal; font-weight: 400; margin: 0cm 0cm 6pt 35.45pt; text-indent: -21.25pt; line-height: normal;\"><b>c)<span style=\"font-style: normal; font-variant-numeric: normal; font-variant-east-asian: normal; font-weight: normal; font-stretch: normal; font-size: 7pt; line-height: normal; font-family: 'Times New Roman';\">&nbsp;&nbsp;&nbsp;&nbsp;&nbsp; <\/span><\/b><b>Datos de los usuarios que navegan por nuestra web: Datos proporcionados por las cookies.<\/b><\/p>\n<p class=\"clausulascliente\" style=\"margin: 0cm 0cm 6pt; text-align: justify; font-size: 8.5pt; font-family: Verdana, sans-serif; color: #000000; font-style: normal; font-weight: 400; line-height: normal;\"><b><span style=\"font-size: 9pt;\">\u00bfCon qu\u00e9 finalidades vamos a tratar sus datos personales?<\/span><\/b><\/p>\n<p class=\"clausulascliente\" style=\"margin: 0cm 0cm 6pt; text-align: justify; font-size: 8.5pt; font-family: Verdana, sans-serif; color: #000000; font-style: normal; font-weight: 400; line-height: normal;\"><b><span style=\"font-size: 9pt;\">C<\/span><\/b><span style=\"font-size: 9pt;\">uando el usuario acepta nuestra pol\u00edtica de privacidad, nos autoriza a utilizar los datos personales suministrados para los siguientes tratamientos:<b><\/b><\/span><\/p>\n<p class=\"MsoListParagraph\" style=\"margin: 6pt 0cm 0.0001pt 35.45pt; text-align: justify; font-size: 9pt; font-family: Verdana, sans-serif; color: #000000; font-style: normal; font-weight: 400; text-indent: -17.85pt;\"><span style=\"font-family: Symbol;\">\u00b7<span style=\"font-style: normal; font-variant-numeric: normal; font-variant-east-asian: normal; font-weight: normal; font-stretch: normal; font-size: 7pt; line-height: normal; font-family: 'Times New Roman';\">&nbsp;&nbsp;&nbsp;&nbsp;&nbsp;&nbsp; <\/span><\/span>Remitirle la informaci\u00f3n y prestarle el servicio que soliciten mediante los diversos formularios disponibles en nuestra web.<\/p>\n<p class=\"MsoListParagraph\" style=\"margin: 6pt 0cm 0.0001pt 35.45pt; text-align: justify; font-size: 9pt; font-family: Verdana, sans-serif; color: #000000; font-style: normal; font-weight: 400; text-indent: -17.85pt;\"><span style=\"font-family: Symbol;\">\u00b7<span style=\"font-style: normal; font-variant-numeric: normal; font-variant-east-asian: normal; font-weight: normal; font-stretch: normal; font-size: 7pt; line-height: normal; font-family: 'Times New Roman';\">&nbsp;&nbsp;&nbsp;&nbsp;&nbsp;&nbsp; <\/span><\/span>Remitirle comunicaciones comerciales sobre ofertas, actividades y promociones de JOSEFA GRANJEL REDONDO y del sector de que pudieran ser de su inter\u00e9s por medios convencionales o electr\u00f3nicos cuando haya marcado la casilla de que desea recibir informaci\u00f3n.<\/p>\n<p class=\"MsoNormal\" style=\"margin: 6pt 0cm 0.0001pt; text-align: justify; font-size: 9pt; font-family: Verdana, sans-serif; color: #000000; font-style: normal; font-weight: 400;\"><b>\u00bfC\u00f3mo obtenemos tus datos?<\/b><\/p>\n<p class=\"MsoNormal\" style=\"margin: 6pt 0cm; text-align: justify; font-size: 9pt; font-family: Verdana, sans-serif; color: #000000; font-style: normal; font-weight: 400;\">Obtenemos tus datos mediante:<\/p>\n<p class=\"MsoListParagraph\" style=\"margin: 0cm 0cm 6pt 35.45pt; text-align: justify; font-size: 9pt; font-family: Verdana, sans-serif; color: #000000; font-style: normal; font-weight: 400; text-indent: -17.85pt;\"><span style=\"font-family: Symbol;\">\u00b7<span style=\"font-style: normal; font-variant-numeric: normal; font-variant-east-asian: normal; font-weight: normal; font-stretch: normal; font-size: 7pt; line-height: normal; font-family: 'Times New Roman';\">&nbsp;&nbsp;&nbsp;&nbsp;&nbsp;&nbsp; <\/span><\/span>El formulario que cumplimenta el usuario web para la finalidad que en \u00e9l se recoge. El formulario est\u00e1 supeditado a la aceptaci\u00f3n de la presente pol\u00edtica de privacidad mediante la casilla indicada.<\/p>\n<p class=\"MsoListParagraph\" style=\"margin: 0cm 0cm 6pt 35.45pt; text-align: justify; font-size: 9pt; font-family: Verdana, sans-serif; color: #000000; font-style: normal; font-weight: 400; text-indent: -17.85pt;\"><span style=\"font-family: Symbol;\">\u00b7<span style=\"font-style: normal; font-variant-numeric: normal; font-variant-east-asian: normal; font-weight: normal; font-stretch: normal; font-size: 7pt; line-height: normal; font-family: 'Times New Roman';\">&nbsp;&nbsp;&nbsp;&nbsp;&nbsp;&nbsp; <\/span><\/span>Los datos de navegaci\u00f3n los obtenemos de las diferentes cookies que el usuario acepta al acceder por primera vez a corralejolodge.com<\/p>\n<p class=\"MsoNormal\" style=\"margin: 6pt 0cm; text-align: justify; font-size: 9pt; font-family: Verdana, sans-serif; color: #000000; font-style: normal; font-weight: 400;\"><b>\u00bfCu\u00e1l es la legitimaci\u00f3n para el tratamiento de sus datos?<\/b><\/p>\n<p class=\"clausulascliente\" style=\"margin: 0cm 0cm 6pt; text-align: justify; font-size: 8.5pt; font-family: Verdana, sans-serif; color: #000000; font-style: normal; font-weight: 400; line-height: normal;\"><span style=\"font-size: 9pt;\">El <b>consentimiento expreso del usuario <\/b>(art\u00edculo 6.1.a. RGPD) manifestado mediante la cumplimentaci\u00f3n de los diferentes formularios, la marcaci\u00f3n de la casilla de recepci\u00f3n comunicaciones comerciales\/ informaci\u00f3n de las ofertas, actividades y promociones de JOSEFA GRANJEL REDONDO es la que legitima el tratamiento por parte de JOSEFA GRANJEL REDONDO. El usuario puede revocar en cualquier momento el consentimiento prestado, si bien si revoca el consentimiento, \u00e9ste no afecta a los tratamientos de datos realizados con anterioridad a la revocaci\u00f3n del mismo.<\/span><\/p>\n<p class=\"clausulascliente\" style=\"margin: 0cm 0cm 6pt; text-align: justify; font-size: 8.5pt; font-family: Verdana, sans-serif; color: #000000; font-style: normal; font-weight: 400; line-height: normal;\"><span style=\"font-size: 9pt;\">El <b>inter\u00e9s leg\u00edtimo<\/b> para la elaboraci\u00f3n de perfiles de navegaci\u00f3n y detectar las preferencias mediante la instalaci\u00f3n de cookies.<\/span><\/p>\n<p class=\"clausulascliente\" style=\"margin: 0cm 14.2pt 6pt 0cm; text-align: justify; font-size: 8.5pt; font-family: Verdana, sans-serif; color: #000000; font-style: normal; font-weight: 400; line-height: normal;\"><span style=\"font-size: 9pt;\">La <b>ejecuci\u00f3n de un contrato o la adopci\u00f3n de medidas precontractuales<\/b> cuando el cliente realiza una solicitud mediante los diferentes formularios que dispone el usuario en nuestra web o solicita informaci\u00f3n sobre los servicios prestados por JOSEFA GRANJEL REDONDO.<b><\/b><\/span><\/p>\n<p class=\"clausulascliente\" style=\"margin: 6pt 0cm 6pt 21.3pt; text-align: justify; font-size: 8.5pt; font-family: Verdana, sans-serif; color: #000000; font-style: normal; font-weight: 400; text-indent: -21.6pt; line-height: normal;\"><b><span style=\"font-size: 9pt;\">2.2. <\/span><\/b><b><span style=\"font-size: 9pt;\">Proveedores<\/span><\/b><\/p>\n<p class=\"clausulascliente\" style=\"margin: 0cm 0cm 6pt; text-align: justify; font-size: 8.5pt; font-family: Verdana, sans-serif; color: #000000; font-style: normal; font-weight: 400; line-height: normal;\"><b><span style=\"font-size: 9pt;\">\u00bfQu\u00e9 datos recopilamos de nuestros proveedores?<\/span><\/b><\/p>\n<p class=\"MsoListParagraphCxSpFirst\" style=\"color: #000000; font-size: medium; font-style: normal; font-weight: 400; margin: 0cm 0cm 6pt 35.45pt; text-indent: -21.25pt; line-height: normal;\"><b>a)<span style=\"font-style: normal; font-variant-numeric: normal; font-variant-east-asian: normal; font-weight: normal; font-stretch: normal; font-size: 7pt; line-height: normal; font-family: 'Times New Roman';\">&nbsp;&nbsp;&nbsp;&nbsp; <\/span><\/b><b>Datos identificativos del proveedor: <\/b>Los datos personales que JOSEFA GRANJEL REDONDO solicita incluyen:<\/p>\n<p class=\"MsoListParagraphCxSpMiddle\" style=\"color: #000000; font-size: medium; font-style: normal; font-weight: 400; margin: 0cm 0cm 6pt 49.65pt; text-indent: -14.2pt; line-height: normal;\"><span style=\"font-family: Symbol;\">\u00b7<span style=\"font-style: normal; font-variant-numeric: normal; font-variant-east-asian: normal; font-weight: normal; font-stretch: normal; font-size: 7pt; line-height: normal; font-family: 'Times New Roman';\">&nbsp;&nbsp;&nbsp;&nbsp; <\/span><\/span><b>Datos identificativos: <\/b>nombre y apellidos, tel\u00e9fono, direcci\u00f3n postal y electr\u00f3nica<\/p>\n<p class=\"MsoListParagraphCxSpMiddle\" style=\"color: #000000; font-size: medium; font-style: normal; font-weight: 400; margin: 0cm 0cm 6pt 49.65pt; text-indent: -14.2pt; line-height: normal;\"><span style=\"font-family: Symbol;\">\u00b7<span style=\"font-style: normal; font-variant-numeric: normal; font-variant-east-asian: normal; font-weight: normal; font-stretch: normal; font-size: 7pt; line-height: normal; font-family: 'Times New Roman';\">&nbsp;&nbsp;&nbsp;&nbsp; <\/span><\/span><b>Datos de empleo y profesionales<\/b><\/p>\n<p class=\"MsoListParagraphCxSpLast\" style=\"color: #000000; font-size: medium; font-style: normal; font-weight: 400; margin: 0cm 0cm 6pt 49.65pt; text-indent: -14.2pt; line-height: normal;\"><span style=\"font-family: Symbol;\">\u00b7<span style=\"font-style: normal; font-variant-numeric: normal; font-variant-east-asian: normal; font-weight: normal; font-stretch: normal; font-size: 7pt; line-height: normal; font-family: 'Times New Roman';\">&nbsp;&nbsp;&nbsp;&nbsp; <\/span><\/span><b>Actividades y negocios<\/b><\/p>\n<p class=\"MsoNormal\" style=\"margin: 6pt 14.2pt 6pt 0cm; text-align: justify; font-size: 9pt; font-family: Verdana, sans-serif; color: #000000; font-style: normal; font-weight: 400;\"><a name=\"_Hlk43121881\"><\/a><b>\u00bfC\u00f3mo obtenemos tus datos?<\/b><\/p>\n<p class=\"MsoNormal\" style=\"margin: 6pt 0cm; text-align: justify; font-size: 9pt; font-family: Verdana, sans-serif; color: #000000; font-style: normal; font-weight: 400;\">Obtenemos tus datos mediante:<\/p>\n<p class=\"MsoListParagraph\" style=\"margin: 6pt 0cm 6pt 35.45pt; text-align: justify; font-size: 9pt; font-family: Verdana, sans-serif; color: #000000; font-style: normal; font-weight: 400; text-indent: -18pt;\"><span style=\"font-family: Symbol;\">\u00b7<span style=\"font-style: normal; font-variant-numeric: normal; font-variant-east-asian: normal; font-weight: normal; font-stretch: normal; font-size: 7pt; line-height: normal; font-family: 'Times New Roman';\">&nbsp;&nbsp;&nbsp;&nbsp;&nbsp;&nbsp; <\/span><\/span>La firma del contrato que nos vincula, la aceptaci\u00f3n del presupuesto presentado, la recepci\u00f3n de facturas del proveedor y la firma del contrato de Encargado de Tratamiento en caso de que proceda por el servicio prestado.<\/p>\n<p class=\"clausulascliente\" style=\"margin: 0cm 0cm 6pt; text-align: justify; font-size: 8.5pt; font-family: Verdana, sans-serif; color: #000000; font-style: normal; font-weight: 400; line-height: normal;\"><b><span style=\"font-size: 9pt;\">\u00bfCon qu\u00e9 finalidades vamos a tratar sus datos personales?<\/span><\/b><\/p>\n<p class=\"clausulascliente\" style=\"margin: 0cm 0cm 6pt; text-align: justify; font-size: 8.5pt; font-family: Verdana, sans-serif; color: #000000; font-style: normal; font-weight: 400; line-height: normal;\"><span style=\"font-size: 9pt;\">Gestionar la informaci\u00f3n relativa a los datos de nuestras empresas proveedoras de bienes y servicios as\u00ed como de sus representantes.<\/span><\/p>\n<p class=\"clausulascliente\" style=\"margin: 0cm 0cm 6pt; text-align: justify; font-size: 8.5pt; font-family: Verdana, sans-serif; color: #000000; font-style: normal; font-weight: 400; line-height: normal;\"><span style=\"font-size: 9pt;\">Mantenimiento de la relaci\u00f3n contractual con nuestros proveedores.<\/span><\/p>\n<p class=\"clausulascliente\" style=\"margin: 0cm 0cm 6pt; text-align: justify; font-size: 8.5pt; font-family: Verdana, sans-serif; color: #000000; font-style: normal; font-weight: 400; line-height: normal;\"><span style=\"font-size: 9pt;\">Gesti\u00f3n de los pagos y cobros relativos a los contratos que nos vinculan.<\/span><\/p>\n<p class=\"MsoNormal\" style=\"margin: 6pt 0cm; text-align: justify; font-size: 9pt; font-family: Verdana, sans-serif; color: #000000; font-style: normal; font-weight: 400;\"><b>\u00bfCu\u00e1l es la legitimaci\u00f3n para el tratamiento de sus datos?<\/b><\/p>\n<p class=\"clausulascliente\" style=\"margin: 0cm 0cm 6pt; text-align: justify; font-size: 8.5pt; font-family: Verdana, sans-serif; color: #000000; font-style: normal; font-weight: 400; line-height: normal;\"><span style=\"font-size: 9pt;\">En la <b>ejecuci\u00f3n de un precontrato\/contrato<\/b> para remitirle la informaci\u00f3n y hacer la gesti\u00f3n propia del servicio prestado, no siendo posible su realizaci\u00f3n en caso contrario.<\/span><\/p>\n<p class=\"clausulascliente\" style=\"margin: 0cm 0cm 6pt; text-align: justify; font-size: 8.5pt; font-family: Verdana, sans-serif; color: #000000; font-style: normal; font-weight: 400; line-height: normal;\"><span style=\"font-size: 9pt;\">En el <b>inter\u00e9s leg\u00edtimo<\/b> para la gesti\u00f3n de los datos relativos a los representantes de los proveedores de JOSEFA GRANJEL REDONDO<\/span><\/p>\n<p class=\"clausulascliente\" style=\"margin: 6pt 0cm 6pt 21.3pt; text-align: justify; font-size: 8.5pt; font-family: Verdana, sans-serif; color: #000000; font-style: normal; font-weight: 400; text-indent: -21.6pt; line-height: normal;\"><b><span style=\"font-size: 9pt;\">2.3. <\/span><\/b><b><span style=\"font-size: 9pt;\">Clientes<\/span><\/b><\/p>\n<p class=\"clausulascliente\" style=\"margin: 0cm 0cm 6pt; text-align: justify; font-size: 8.5pt; font-family: Verdana, sans-serif; color: #000000; font-style: normal; font-weight: 400; line-height: normal;\"><b><span style=\"font-size: 9pt;\">\u00bfQu\u00e9 datos recopilamos de nuestros clientes?<\/span><\/b><\/p>\n<p class=\"MsoListParagraphCxSpFirst\" style=\"color: #000000; font-size: medium; font-style: normal; font-weight: 400; margin: 0cm 0cm 6pt 35.45pt; text-indent: -21.25pt; line-height: normal;\"><b>a)<span style=\"font-style: normal; font-variant-numeric: normal; font-variant-east-asian: normal; font-weight: normal; font-stretch: normal; font-size: 7pt; line-height: normal; font-family: 'Times New Roman';\">&nbsp;&nbsp;&nbsp;&nbsp; <\/span><\/b><b>Datos de los clientes que rellenan cualquiera de los formularios disponibles en corralejolodge.com as\u00ed como en el establecimiento f\u00edsico de JOSEFA GRANJEL REDONDO<\/b><\/p>\n<p class=\"MsoListParagraphCxSpMiddle\" style=\"color: #000000; font-size: medium; font-style: normal; font-weight: 400; margin: 0cm 0cm 6pt 49.65pt; text-indent: -14.2pt; line-height: normal;\"><span style=\"font-family: Symbol;\">\u00b7<span style=\"font-style: normal; font-variant-numeric: normal; font-variant-east-asian: normal; font-weight: normal; font-stretch: normal; font-size: 7pt; line-height: normal; font-family: 'Times New Roman';\">&nbsp;&nbsp;&nbsp;&nbsp; <\/span><\/span><b>Datos identificativos: <\/b>nombre y apellidos, tel\u00e9fono, direcci\u00f3n postal y electr\u00f3nica<\/p>\n<p class=\"MsoListParagraphCxSpMiddle\" style=\"color: #000000; font-size: medium; font-style: normal; font-weight: 400; margin: 0cm 0cm 6pt 49.65pt; text-indent: -14.2pt; line-height: normal;\"><span style=\"font-family: Symbol;\">\u00b7<span style=\"font-style: normal; font-variant-numeric: normal; font-variant-east-asian: normal; font-weight: normal; font-stretch: normal; font-size: 7pt; line-height: normal; font-family: 'Times New Roman';\">&nbsp;&nbsp;&nbsp;&nbsp; <\/span><\/span><b>Datos relativos a la solicitud<\/b><\/p>\n<p class=\"MsoListParagraphCxSpMiddle\" style=\"color: #000000; font-size: medium; font-style: normal; font-weight: 400; margin: 0cm 0cm 6pt 35.45pt; text-indent: -21.25pt; line-height: normal;\"><b>b)<span style=\"font-style: normal; font-variant-numeric: normal; font-variant-east-asian: normal; font-weight: normal; font-stretch: normal; font-size: 7pt; line-height: normal; font-family: 'Times New Roman';\">&nbsp;&nbsp;&nbsp;&nbsp; <\/span><\/b><b>Datos de nuestros clientes obtenidos a trav\u00e9s de nuestros contratos y presupuestos<\/b><\/p>\n<p class=\"MsoListParagraphCxSpMiddle\" style=\"color: #000000; font-size: medium; font-style: normal; font-weight: 400; margin: 0cm 0cm 6pt 35.45pt; text-indent: -21.25pt; line-height: normal;\"><b>c)<span style=\"font-style: normal; font-variant-numeric: normal; font-variant-east-asian: normal; font-weight: normal; font-stretch: normal; font-size: 7pt; line-height: normal; font-family: 'Times New Roman';\">&nbsp;&nbsp;&nbsp;&nbsp;&nbsp; <\/span><\/b><b>Datos de los clientes que realizan una reserva online o presencialmente:<\/b><\/p>\n<p class=\"MsoListParagraphCxSpMiddle\" style=\"color: #000000; font-size: medium; font-style: normal; font-weight: 400; margin: 0cm 0cm 6pt 49.65pt; text-indent: -14.2pt; line-height: normal;\"><span style=\"font-family: Symbol;\">\u00b7<span style=\"font-style: normal; font-variant-numeric: normal; font-variant-east-asian: normal; font-weight: normal; font-stretch: normal; font-size: 7pt; line-height: normal; font-family: 'Times New Roman';\">&nbsp;&nbsp;&nbsp;&nbsp; <\/span><\/span><b>Datos identificativos: <\/b>Tratamiento, nombre, apellidos, direcci\u00f3n postal y electr\u00f3nica, tel\u00e9fono, direcci\u00f3n de facturaci\u00f3n.<b><\/b><\/p>\n<p class=\"MsoListParagraphCxSpLast\" style=\"color: #000000; font-size: medium; font-style: normal; font-weight: 400; margin: 0cm 0cm 6pt 49.65pt; text-indent: -14.2pt; line-height: normal;\"><span style=\"font-family: Symbol;\">\u00b7<span style=\"font-style: normal; font-variant-numeric: normal; font-variant-east-asian: normal; font-weight: normal; font-stretch: normal; font-size: 7pt; line-height: normal; font-family: 'Times New Roman';\">&nbsp;&nbsp;&nbsp;&nbsp; <\/span><\/span><b>Datos de transacciones: <\/b>Reserva realizada y medio de pago<b><\/b><\/p>\n<p class=\"MsoNormal\" style=\"margin: 6pt 14.2pt 6pt 0cm; text-align: justify; font-size: 9pt; font-family: Verdana, sans-serif; color: #000000; font-style: normal; font-weight: 400;\"><b>\u00bfC\u00f3mo obtenemos tus datos?<\/b><\/p>\n<p class=\"MsoNormal\" style=\"margin: 6pt 0cm 0.0001pt; text-align: justify; font-size: 9pt; font-family: Verdana, sans-serif; color: #000000; font-style: normal; font-weight: 400;\">Si eres cliente de online obtenemos tus datos mediante:<\/p>\n<p class=\"MsoListParagraph\" style=\"margin: 6pt 0cm 6pt 35.45pt; text-align: justify; font-size: 9pt; font-family: Verdana, sans-serif; color: #000000; font-style: normal; font-weight: 400; text-indent: -18pt;\"><span style=\"font-family: Symbol;\">\u00b7<span style=\"font-style: normal; font-variant-numeric: normal; font-variant-east-asian: normal; font-weight: normal; font-stretch: normal; font-size: 7pt; line-height: normal; font-family: 'Times New Roman';\">&nbsp;&nbsp;&nbsp;&nbsp;&nbsp;&nbsp; <\/span><\/span>El formulario que cumplimenta el usuario web para perfeccionar la reserva online en nuestro comercio-e. El formulario est\u00e1 supeditado a la aceptaci\u00f3n de la presente pol\u00edtica de privacidad mediante la casilla indicada.<\/p>\n<p class=\"MsoListParagraph\" style=\"margin: 0cm 0cm 6pt 35.45pt; text-align: justify; font-size: 9pt; font-family: Verdana, sans-serif; color: #000000; font-style: normal; font-weight: 400; text-indent: -17.85pt;\"><span style=\"font-family: Symbol;\">\u00b7<span style=\"font-style: normal; font-variant-numeric: normal; font-variant-east-asian: normal; font-weight: normal; font-stretch: normal; font-size: 7pt; line-height: normal; font-family: 'Times New Roman';\">&nbsp;&nbsp;&nbsp;&nbsp;&nbsp;&nbsp; <\/span><\/span>Los datos de navegaci\u00f3n los obtenemos de las diferentes cookies que el cliente acepta al acceder por primera vez a corralejolodge.com<\/p>\n<p class=\"MsoNormal\" style=\"margin: 6pt 14.2pt 6pt 0cm; text-align: justify; font-size: 9pt; font-family: Verdana, sans-serif; color: #000000; font-style: normal; font-weight: 400;\">Si eres cliente presencial obtenemos tus datos mediante:<\/p>\n<p class=\"MsoListParagraph\" style=\"margin: 0cm 0cm 6pt 35.45pt; text-align: justify; font-size: 9pt; font-family: Verdana, sans-serif; color: #000000; font-style: normal; font-weight: 400; text-indent: -17.85pt;\"><span style=\"font-family: Symbol;\">\u00b7<span style=\"font-style: normal; font-variant-numeric: normal; font-variant-east-asian: normal; font-weight: normal; font-stretch: normal; font-size: 7pt; line-height: normal; font-family: 'Times New Roman';\">&nbsp;&nbsp;&nbsp;&nbsp;&nbsp;&nbsp; <\/span><\/span>El formulario de alta de cliente.<\/p>\n<p class=\"MsoListParagraph\" style=\"margin: 0cm 0cm 6pt 35.45pt; text-align: justify; font-size: 9pt; font-family: Verdana, sans-serif; color: #000000; font-style: normal; font-weight: 400; text-indent: -17.85pt;\"><span style=\"font-family: Symbol;\">\u00b7<span style=\"font-style: normal; font-variant-numeric: normal; font-variant-east-asian: normal; font-weight: normal; font-stretch: normal; font-size: 7pt; line-height: normal; font-family: 'Times New Roman';\">&nbsp;&nbsp;&nbsp;&nbsp;&nbsp;&nbsp; <\/span><\/span>La aceptaci\u00f3n del presupuesto presentado.<\/p>\n<p class=\"MsoListParagraph\" style=\"margin: 0cm 0cm 6pt 35.45pt; text-align: justify; font-size: 9pt; font-family: Verdana, sans-serif; color: #000000; font-style: normal; font-weight: 400; text-indent: -17.85pt;\"><span style=\"font-family: Symbol;\">\u00b7<span style=\"font-style: normal; font-variant-numeric: normal; font-variant-east-asian: normal; font-weight: normal; font-stretch: normal; font-size: 7pt; line-height: normal; font-family: 'Times New Roman';\">&nbsp;&nbsp;&nbsp;&nbsp;&nbsp;&nbsp; <\/span><\/span>El contrato firmado<\/p>\n<p class=\"clausulascliente\" style=\"margin: 6pt 0cm; text-align: justify; font-size: 8.5pt; font-family: Verdana, sans-serif; color: #000000; font-style: normal; font-weight: 400; line-height: normal;\"><b><span style=\"font-size: 9pt;\">\u00bfCon qu\u00e9 finalidades vamos a tratar sus datos personales?<\/span><\/b><\/p>\n<p class=\"MsoListParagraph\" style=\"margin: 0cm 0cm 6pt 35.45pt; text-align: justify; font-size: 9pt; font-family: Verdana, sans-serif; color: #000000; font-style: normal; font-weight: 400; text-indent: -17.85pt;\"><span style=\"font-family: Symbol;\">\u00b7<span style=\"font-style: normal; font-variant-numeric: normal; font-variant-east-asian: normal; font-weight: normal; font-stretch: normal; font-size: 7pt; line-height: normal; font-family: 'Times New Roman';\">&nbsp;&nbsp;&nbsp;&nbsp;&nbsp;&nbsp; <\/span><\/span>Tramitar su reserva on-line a trav\u00e9s de nuestra plataforma.<\/p>\n<p class=\"MsoListParagraph\" style=\"margin: 0cm 0cm 6pt 35.45pt; text-align: justify; font-size: 9pt; font-family: Verdana, sans-serif; color: #000000; font-style: normal; font-weight: 400; text-indent: -17.85pt;\"><span style=\"font-family: Symbol;\">\u00b7<span style=\"font-style: normal; font-variant-numeric: normal; font-variant-east-asian: normal; font-weight: normal; font-stretch: normal; font-size: 7pt; line-height: normal; font-family: 'Times New Roman';\">&nbsp;&nbsp;&nbsp;&nbsp;&nbsp;&nbsp; <\/span><\/span>Generar y gestionar la documentaci\u00f3n asociada a sus solicitudes y compras.<\/p>\n<p class=\"MsoListParagraph\" style=\"margin: 0cm 0cm 6pt 35.45pt; text-align: justify; font-size: 9pt; font-family: Verdana, sans-serif; color: #000000; font-style: normal; font-weight: 400; text-indent: -17.85pt;\"><span style=\"font-family: Symbol;\">\u00b7<span style=\"font-style: normal; font-variant-numeric: normal; font-variant-east-asian: normal; font-weight: normal; font-stretch: normal; font-size: 7pt; line-height: normal; font-family: 'Times New Roman';\">&nbsp;&nbsp;&nbsp;&nbsp;&nbsp;&nbsp; <\/span><\/span>Facilitarle informaci\u00f3n sobre las ofertas, productos y servicios conexos con su compra.<\/p>\n<p class=\"MsoNormal\" style=\"margin: 6pt 0cm; text-align: justify; font-size: 9pt; font-family: Verdana, sans-serif; color: #000000; font-style: normal; font-weight: 400;\"><b>\u00bfCu\u00e1l es la legitimaci\u00f3n para el tratamiento de sus datos?<\/b><\/p>\n<p class=\"clausulascliente\" style=\"margin: 0cm 0cm 6pt; text-align: justify; font-size: 8.5pt; font-family: Verdana, sans-serif; color: #000000; font-style: normal; font-weight: 400; line-height: normal;\"><span style=\"font-size: 9pt;\">En la <b>ejecuci\u00f3n de un precontrato\/contrato<\/b> para remitirle la informaci\u00f3n y hacer la gesti\u00f3n propia del servicio prestado o el producto suministrado, no siendo posible su realizaci\u00f3n en caso contrario.<\/span><\/p>\n<p class=\"clausulascliente\" style=\"margin: 0cm 0cm 6pt; text-align: justify; font-size: 8.5pt; font-family: Verdana, sans-serif; color: #000000; font-style: normal; font-weight: 400; line-height: normal;\"><span style=\"font-size: 9pt;\">En el <b>consentimiento del usuario<\/b> para el env\u00edo del newsletter y de comunicaciones comerciales de las ofertas, actividades y promociones de JOSEFA GRANJEL REDONDO y del sector de que pudieran ser de su inter\u00e9s y de la gesti\u00f3n de nuestro blog. El usuario puede revocar en cualquier momento el consentimiento prestado.<\/span><\/p>\n<p class=\"clausulascliente\" style=\"margin: 6pt 0cm 6pt 21.3pt; text-align: justify; font-size: 8.5pt; font-family: Verdana, sans-serif; color: #000000; font-style: normal; font-weight: 400; text-indent: -21.6pt; line-height: normal;\"><b><span style=\"font-size: 9pt;\">2.4. <\/span><\/b><b><span style=\"font-size: 9pt;\">Contactos de Redes Sociales<\/span><\/b><\/p>\n<p class=\"clausulascliente\" style=\"margin: 0cm 0cm 6pt; text-align: justify; font-size: 8.5pt; font-family: Verdana, sans-serif; color: #000000; font-style: normal; font-weight: 400; line-height: normal;\"><b><span style=\"font-size: 9pt;\">\u00bfQu\u00e9 datos recopilamos?<\/span><\/b><\/p>\n<p class=\"MsoListParagraph\" style=\"margin: 0cm 0cm 6pt 35.45pt; text-align: justify; font-size: 9pt; font-family: Verdana, sans-serif; color: #000000; font-style: normal; font-weight: 400; text-indent: -21.25pt; line-height: normal;\"><b>a)<span style=\"font-style: normal; font-variant-numeric: normal; font-variant-east-asian: normal; font-weight: normal; font-stretch: normal; font-size: 7pt; line-height: normal; font-family: 'Times New Roman';\">&nbsp;&nbsp;&nbsp;&nbsp; <\/span><\/b><b>Datos identificativos en la Red Social: <\/b>JOSEFA GRANJEL REDONDO no le solicitar\u00e1 datos m\u00e1s all\u00e1 de los que usted haya incluido en su perfil de usuario.<\/p>\n<p class=\"clausulascliente\" style=\"margin: 6pt 0cm; text-align: justify; font-size: 8.5pt; font-family: Verdana, sans-serif; color: #000000; font-style: normal; font-weight: 400; line-height: normal;\"><b><span style=\"font-size: 9pt;\">\u00bfCon qu\u00e9 finalidades vamos a tratar sus datos personales?<\/span><\/b><\/p>\n<p class=\"clausulascliente\" style=\"margin: 0cm 0cm 6pt; text-align: justify; font-size: 8.5pt; font-family: Verdana, sans-serif; color: #000000; font-style: normal; font-weight: 400; line-height: normal;\"><span style=\"font-size: 9pt;\">Contestar y gestionar sus consultas solicitudes o peticiones.<\/span><\/p>\n<p class=\"clausulascliente\" style=\"margin: 0cm 0cm 6pt; text-align: justify; font-size: 8.5pt; font-family: Verdana, sans-serif; color: #000000; font-style: normal; font-weight: 400; line-height: normal;\"><span style=\"font-size: 9pt;\">Relacionarnos con usted mientras forme parte de nuestra comunidad de seguidores.<\/span><\/p>\n<p class=\"MsoNormal\" style=\"margin: 6pt 0cm; text-align: justify; font-size: 9pt; font-family: Verdana, sans-serif; color: #000000; font-style: normal; font-weight: 400;\"><b>\u00bfCu\u00e1l es la legitimaci\u00f3n para el tratamiento de sus datos?<\/b><\/p>\n<p class=\"clausulascliente\" style=\"margin: 0cm 0cm 6pt; text-align: justify; font-size: 8.5pt; font-family: Verdana, sans-serif; color: #000000; font-style: normal; font-weight: 400; line-height: normal;\"><span style=\"font-size: 9pt;\">En la <b>ejecuci\u00f3n de un precontrato\/contrato<\/b> que le vincula con la red social correspondiente y de acuerdo con sus pol\u00edticas de privacidad:<\/span><\/p>\n<p class=\"MsoNormal\" style=\"margin: 0cm 0cm 6.75pt 92.15pt; text-align: justify; font-size: 9pt; font-family: Verdana, sans-serif; color: #000000; font-style: normal; font-weight: 400; line-height: 15pt; background-image: initial; background-position: initial; background-size: initial; background-repeat: initial; background-attachment: initial; background-origin: initial; background-clip: initial;\"><span style=\"color: #333333;\">Facebook <\/span><a style=\"color: blue; text-decoration-line: underline;\" href=\"http:\/\/www.facebook.com\/policy.php?ref=pf\">http:\/\/www.facebook.com\/policy.php?ref=pf<\/a><\/p>\n<p class=\"MsoNormal\" style=\"margin: 0cm 0cm 6.75pt 92.15pt; text-align: justify; font-size: 9pt; font-family: Verdana, sans-serif; color: #000000; font-style: normal; font-weight: 400; line-height: 15pt; background-image: initial; background-position: initial; background-size: initial; background-repeat: initial; background-attachment: initial; background-origin: initial; background-clip: initial;\"><span style=\"color: #333333;\">Instagram <\/span><a style=\"color: blue; text-decoration-line: underline;\" href=\"https:\/\/help.instagram.com\/155833707900388\">https:\/\/help.instagram.com\/155833707900388<\/a><\/p>\n<p class=\"MsoNormal\" style=\"margin: 0cm 0cm 6.75pt 92.15pt; text-align: justify; font-size: 9pt; font-family: Verdana, sans-serif; color: #000000; font-style: normal; font-weight: 400; line-height: 15pt; background-image: initial; background-position: initial; background-size: initial; background-repeat: initial; background-attachment: initial; background-origin: initial; background-clip: initial;\"><span style=\"color: #333333;\">Tripadvisor <\/span><a style=\"color: blue; text-decoration-line: underline;\" href=\"https:\/\/tripadvisor.mediaroom.com\/ES-privacy-policy\">https:\/\/tripadvisor.mediaroom.com\/ES-privacy-policy<\/a><\/p>\n<p class=\"MsoNormal\" style=\"margin: 0cm 0cm 6.75pt 92.15pt; text-align: justify; font-size: 9pt; font-family: Verdana, sans-serif; color: #000000; font-style: normal; font-weight: 400; line-height: 15pt; background-image: initial; background-position: initial; background-size: initial; background-repeat: initial; background-attachment: initial; background-origin: initial; background-clip: initial;\"><span style=\"color: #333333;\">&nbsp;<\/span><\/p>\n<p class=\"clausulascliente\" style=\"margin: 0cm 0cm 6pt; text-align: justify; font-size: 8.5pt; font-family: Verdana, sans-serif; color: #000000; font-style: normal; font-weight: 400; line-height: normal;\"><span class=\"Fuentedeprrafopredeter1\">corralejolodge.com <\/span><span style=\"font-size: 9pt;\">procurar\u00e1 en todo momento establecer mecanismos adecuados para obtener el consentimiento del Usuario para la instalaci\u00f3n de cookies que lo requieran. Cuando un usuario accede a nuestra web aparece un pop-up en el que se informa de la existencia de cookies y de que si contin\u00faa navegando por nuestra p\u00e1gina presta su consentimiento para la instalaci\u00f3n de cookies. La aceptaci\u00f3n de la instalaci\u00f3n de las cookies conlleva la aceptaci\u00f3n de la conservaci\u00f3n de la direcci\u00f3n IP en los registros de <\/span><span class=\"Fuentedeprrafopredeter1\">corralejolodge.com<\/span><span style=\"font-size: 9pt;\">, junto con la fecha de aceptaci\u00f3n, por el plazo de un a\u00f1o, con la finalidad de demostrar el consentimiento prestado.&nbsp; Puede obtener m\u00e1s informaci\u00f3n en nuestra <\/span><span style=\"font-size: 9pt;\">\u201cPol\u00edtica de Cookies\u201d.<\/span><\/p>\n<h2 style=\"margin: 6pt 0cm; text-align: justify; text-indent: 0cm; break-after: avoid; font-size: 9pt; font-family: Verdana, sans-serif; color: #000000; font-style: normal;\">3.<span style=\"font-style: normal; font-variant-numeric: normal; font-variant-east-asian: normal; font-weight: normal; font-stretch: normal; font-size: 7pt; line-height: normal; font-family: 'Times New Roman';\">&nbsp;&nbsp;&nbsp;&nbsp;&nbsp;&nbsp;&nbsp;&nbsp;&nbsp;&nbsp;&nbsp;&nbsp; <\/span>\u00bfPOR CU\u00c1NTO TIEMPO CONSERVAMOS SUS DATOS?<\/h2>\n<p class=\"clausulascliente\" style=\"margin: 6pt 0cm 6pt 21.3pt; text-align: justify; font-size: 8.5pt; font-family: Verdana, sans-serif; color: #000000; font-style: normal; font-weight: 400; text-indent: -21.6pt; line-height: normal;\"><b><span style=\"font-size: 9pt;\">3.1. <\/span><\/b><b><span style=\"font-size: 9pt;\">Usuarios web<\/span><\/b><\/p>\n<p class=\"clausulascliente\" style=\"margin: 0cm 0cm 6pt; text-align: justify; font-size: 8.5pt; font-family: Verdana, sans-serif; color: #000000; font-style: normal; font-weight: 400; line-height: normal;\"><span style=\"font-size: 9pt;\">Aquellos datos que son tratados en base al consentimiento del usuario web se mantendr\u00e1n mientras resulten relevantes para el fin que fueron recogidos y el consentimiento no sea revocado.<\/span><\/p>\n<p class=\"clausulascliente\" style=\"margin: 0cm 0cm 6pt; text-align: justify; font-size: 8.5pt; font-family: Verdana, sans-serif; color: #000000; font-style: normal; font-weight: 400; line-height: normal;\"><span style=\"font-size: 9pt;\">Aquellos datos que son tratados en base al inter\u00e9s leg\u00edtimo el tiempo de conservaci\u00f3n ser\u00e1 el vinculado al que motiv\u00f3 la recogida del dato asegurando siempre las garant\u00edas adecuadas y el respeto a los derechos y libertades de los interesados.<\/span><\/p>\n<p class=\"clausulascliente\" style=\"margin: 0cm 0cm 6pt; text-align: justify; font-size: 8.5pt; font-family: Verdana, sans-serif; color: #000000; font-style: normal; font-weight: 400; line-height: normal;\"><span style=\"font-size: 9pt;\">Aquellos datos que son tratados en base a la ejecuci\u00f3n de un contrato o la adopci\u00f3n de medidas precontractuales el plazo de conservaci\u00f3n ser\u00e1 aquel en que la relaci\u00f3n contractual se mantenga vigente as\u00ed como el tiempo posterior que por obligaci\u00f3n legal se deban conservar.<\/span><\/p>\n<p class=\"Textbody\" style=\"margin: 0cm 0cm 6pt; text-align: justify; font-size: 12pt; font-family: 'Times New Roman', serif; color: #000000; font-style: normal; font-weight: 400;\"><span style=\"font-size: 9pt; font-family: Verdana, sans-serif;\">La direcci\u00f3n IP obtenida a trav\u00e9s de las cookies tendr\u00e1 un plazo de conservaci\u00f3n de un a\u00f1o, con la finalidad de demostrar el consentimiento del usuario.<\/span><\/p>\n<p class=\"clausulascliente\" style=\"margin: 0cm 0cm 6pt; text-align: justify; font-size: 8.5pt; font-family: Verdana, sans-serif; color: #000000; font-style: normal; font-weight: 400; line-height: normal;\"><span style=\"font-size: 9pt;\">En cuanto al plazo de conservaci\u00f3n de las cookies, puede obtener m\u00e1s informaci\u00f3n en nuestra web en el apartado \u201cPol\u00edtica de cookies\u201d<\/span><\/p>\n<p class=\"clausulascliente\" style=\"margin: 6pt 0cm 6pt 21.3pt; text-align: justify; font-size: 8.5pt; font-family: Verdana, sans-serif; color: #000000; font-style: normal; font-weight: 400; text-indent: -21.6pt; line-height: normal;\"><b><span style=\"font-size: 9pt;\">3.2. <\/span><\/b><b><span style=\"font-size: 9pt;\">Proveedores<\/span><\/b><\/p>\n<p class=\"clausulascliente\" style=\"margin: 0cm 0cm 6pt; text-align: justify; font-size: 8.5pt; font-family: Verdana, sans-serif; color: #000000; font-style: normal; font-weight: 400; line-height: normal;\"><span style=\"font-size: 9pt;\">Aquellos datos que son tratados en base al inter\u00e9s leg\u00edtimo el tiempo de conservaci\u00f3n ser\u00e1 el vinculado al que motiv\u00f3 la recogida del dato asegurando siempre las garant\u00edas adecuadas y el respeto a los derechos y libertades de los interesados.<\/span><\/p>\n<p class=\"clausulascliente\" style=\"margin: 0cm 0cm 6pt; text-align: justify; font-size: 8.5pt; font-family: Verdana, sans-serif; color: #000000; font-style: normal; font-weight: 400; line-height: normal;\"><span style=\"font-size: 9pt;\">Aquellos datos que son tratados en base a un contrato, as\u00ed como si parte del tratamiento se legitima en una obligaci\u00f3n legal, los datos se mantendr\u00e1n durante el tiempo en que la relaci\u00f3n contractual se encuentre vigente. El tiempo de conservaci\u00f3n de los datos una vez finalizada esta, o en el caso de que el tratamiento est\u00e9 vinculado a una obligaci\u00f3n legal ser\u00e1 el que legalmente est\u00e9 previsto no pudiendo revocarse el tratamiento del dato por parte del interesado salvo en las previsiones de bloqueo de los mismos previstos legalmente.<\/span><\/p>\n<p class=\"clausulascliente\" style=\"margin: 6pt 0cm 6pt 21.3pt; text-align: justify; font-size: 8.5pt; font-family: Verdana, sans-serif; color: #000000; font-style: normal; font-weight: 400; text-indent: -21.6pt; line-height: normal;\"><b><span style=\"font-size: 9pt;\">3.3. <\/span><\/b><b><span style=\"font-size: 9pt;\">Clientes<\/span><\/b><\/p>\n<p class=\"clausulascliente\" style=\"margin: 0cm 0cm 6pt; text-align: justify; font-size: 8.5pt; font-family: Verdana, sans-serif; color: #000000; font-style: normal; font-weight: 400; line-height: normal;\"><span style=\"font-size: 9pt;\">Aquellos datos que son tratados en base al consentimiento del cliente se mantendr\u00e1n mientras resulten relevantes para el fin que fueron recogidos y el consentimiento no sea revocado.<\/span><\/p>\n<p class=\"clausulascliente\" style=\"margin: 0cm 0cm 6pt; text-align: justify; font-size: 8.5pt; font-family: Verdana, sans-serif; color: #000000; font-style: normal; font-weight: 400; line-height: normal;\"><span style=\"font-size: 9pt;\">Aquellos datos que son tratados en base al inter\u00e9s leg\u00edtimo el tiempo de conservaci\u00f3n ser\u00e1 el vinculado al que motiv\u00f3 la recogida del dato asegurando siempre las garant\u00edas adecuadas y el respeto a los derechos y libertades de los interesados.<\/span><\/p>\n<p class=\"clausulascliente\" style=\"margin: 0cm 0cm 6pt; text-align: justify; font-size: 8.5pt; font-family: Verdana, sans-serif; color: #000000; font-style: normal; font-weight: 400; line-height: normal;\"><span style=\"font-size: 9pt;\">Aquellos datos que son tratados en base a un contrato, as\u00ed como si parte del tratamiento se legitima en una obligaci\u00f3n legal, los datos se mantendr\u00e1n durante el tiempo en que la relaci\u00f3n contractual se encuentre vigente. El tiempo de conservaci\u00f3n de los datos una vez finalizada esta, en el caso de que el tratamiento est\u00e9 vinculado a una obligaci\u00f3n legal, ser\u00e1 el que est\u00e9 previsto no pudiendo revocarse el tratamiento del dato por parte del interesado salvo en las previsiones de bloqueo de los mismos previstos legalmente.<\/span><\/p>\n<p class=\"clausulascliente\" style=\"margin: 6pt 0cm 6pt 21.3pt; text-align: justify; font-size: 8.5pt; font-family: Verdana, sans-serif; color: #000000; font-style: normal; font-weight: 400; text-indent: -21.6pt; line-height: normal;\"><b><span style=\"font-size: 9pt;\">3.4. <\/span><\/b><b><span style=\"font-size: 9pt;\">Contactos de Redes Sociales<\/span><\/b><\/p>\n<p class=\"clausulascliente\" style=\"margin: 0cm 0cm 6pt; text-align: justify; font-size: 8.5pt; font-family: Verdana, sans-serif; color: #000000; font-style: normal; font-weight: 400; line-height: normal;\"><span style=\"font-size: 9pt;\">Los datos tratados de los contactos de Redes Sociales se mantendr\u00e1n mientras el usuario y JOSEFA GRANJEL REDONDO mantengan vinculaci\u00f3n en la red social. Al no depender directamente de JOSEFA GRANJEL REDONDO el tratamiento del dato solo podremos consultar o dar de baja sus datos de forma restringida. Trataremos sus datos tanto tiempo como el usuario de la red social se vincule con JOSEFA GRANJEL REDONDO como &#8216;amigos&#8217;, le de a &#8216;me gusta&#8217;, &#8216;seguir&#8217; o botones similares.<\/span><\/p>\n<p class=\"clausulascliente\" style=\"margin: 0cm 0cm 6pt; text-align: justify; font-size: 8.5pt; font-family: Verdana, sans-serif; color: #000000; font-style: normal; font-weight: 400; line-height: normal;\"><span style=\"font-size: 9pt;\">Para proceder a la rectificaci\u00f3n de sus datos, restricci\u00f3n de la informaci\u00f3n o de aquellas publicaciones que comparte no ser\u00e1 JOSEFA GRANJEL REDONDO el responsable de realizar dichas rectificaciones, sino que deber\u00e1 realizarla el propio usuario de la Red Social mediante la configuraci\u00f3n de su perfil atendiendo a la pol\u00edtica de privacidad de la propia Red Social.<\/span><\/p>\n<p class=\"clausulascliente\" style=\"margin: 0cm 0cm 6pt; text-align: justify; font-size: 8.5pt; font-family: Verdana, sans-serif; color: #000000; font-style: normal; font-weight: 400; line-height: normal;\"><span style=\"font-size: 9pt;\">Independientemente de la legitimaci\u00f3n que ampar\u00f3 la recogida del dato, este podr\u00e1 ser tratado con fines de investigaci\u00f3n cient\u00edfica, hist\u00f3rica o estad\u00edstica implementando siempre las garant\u00edas adecuadas y respetando los derechos y libertades de los interesados.<\/span><\/p>\n<h2 style=\"margin: 6pt 0cm; text-align: justify; text-indent: 0cm; break-after: avoid; font-size: 9pt; font-family: Verdana, sans-serif; color: #000000; font-style: normal;\">4.<span style=\"font-style: normal; font-variant-numeric: normal; font-variant-east-asian: normal; font-weight: normal; font-stretch: normal; font-size: 7pt; line-height: normal; font-family: 'Times New Roman';\">&nbsp;&nbsp;&nbsp;&nbsp;&nbsp;&nbsp;&nbsp;&nbsp;&nbsp;&nbsp;&nbsp;&nbsp; <\/span>INFORMACI\u00d3N ADICIONAL SOBRE EL TRATAMIENTO DE DATOS<\/h2>\n<p class=\"MsoNormal\" style=\"margin: 0cm 0cm 6pt; text-align: justify; font-size: 9pt; font-family: Verdana, sans-serif; color: #000000; font-style: normal; font-weight: 400; line-height: normal;\"><b>S\u00f3lo los mayores de 14 a\u00f1os<\/b> pueden facilitar datos a trav\u00e9s de nuestra web y correo-e. Si eres menor de esta edad deber\u00e1s contar con el consentimiento de tus padres o tutores legales.<\/p>\n<p class=\"clausulascliente\" style=\"margin: 0cm 0cm 6pt; text-align: justify; font-size: 8.5pt; font-family: Verdana, sans-serif; color: #000000; font-style: normal; font-weight: 400; line-height: normal;\"><span style=\"font-size: 9pt;\">El Usuario garantiza la autenticidad y actualidad de todos aquellos datos que comunique a JOSEFA GRANJEL REDONDO<\/span><span style=\"font-size: 9pt;\"> y declara que es mayor de 14 a\u00f1os, <\/span><span style=\"font-size: 9pt;\">y ser\u00e1 el \u00fanico responsable de las manifestaciones falsas o inexactas que realice.<\/span><\/p>\n<p class=\"MsoNormal\" style=\"margin: 0cm 0cm 6pt; text-align: justify; font-size: 9pt; font-family: Verdana, sans-serif; color: #000000; font-style: normal; font-weight: 400; line-height: normal;\">Los datos de car\u00e1cter personal tratados por JOSEFA GRANJEL REDONDO pueden ser obligatorios o voluntarios. Mediante los formularios web no se le solicitar\u00e1n datos de categor\u00edas especiales para garantizar su privacidad. En caso de que para prestarle un servicio sea necesario recoger datos de categor\u00edas especiales se le solicitar\u00e1n por otra v\u00eda. Los datos que se van a solicitar en los formularios son:<\/p>\n<p class=\"MsoListParagraphCxSpFirst\" style=\"color: #000000; font-size: medium; font-style: normal; font-weight: 400; margin: 0cm 0cm 6pt 35.45pt; text-indent: -21.25pt; line-height: normal;\"><b>a)<span style=\"font-style: normal; font-variant-numeric: normal; font-variant-east-asian: normal; font-weight: normal; font-stretch: normal; font-size: 7pt; line-height: normal; font-family: 'Times New Roman';\">&nbsp;&nbsp;&nbsp;&nbsp; <\/span><\/b><b>Datos identificativos: <\/b>nombre y apellidos, tel\u00e9fono, direcci\u00f3n postal y electr\u00f3nica<\/p>\n<p class=\"MsoListParagraphCxSpLast\" style=\"color: #000000; font-size: medium; font-style: normal; font-weight: 400; margin: 0cm 0cm 6pt 35.45pt; text-indent: -21.25pt; line-height: normal;\"><b>b)<span style=\"font-style: normal; font-variant-numeric: normal; font-variant-east-asian: normal; font-weight: normal; font-stretch: normal; font-size: 7pt; line-height: normal; font-family: 'Times New Roman';\">&nbsp;&nbsp;&nbsp;&nbsp; <\/span><\/b><b>Datos relativos a la solicitud<\/b><\/p>\n<p class=\"clausulascliente\" style=\"margin: 0cm 0cm 6pt; text-align: justify; font-size: 8.5pt; font-family: Verdana, sans-serif; color: #000000; font-style: normal; font-weight: 400; line-height: normal;\"><span style=\"font-size: 9pt;\">&nbsp;<\/span><\/p>\n<p class=\"clausulascliente\" style=\"margin: 0cm 0cm 6pt; text-align: justify; font-size: 8.5pt; font-family: Verdana, sans-serif; color: #000000; font-style: normal; font-weight: 400; line-height: normal;\"><span style=\"font-size: 9pt;\">La informaci\u00f3n voluntaria es aquella que el usuario no est\u00e1 obligado a facilitar para contactar con nosotros.<\/span><\/p>\n<p class=\"clausulascliente\" style=\"margin: 0cm 0cm 6pt; text-align: justify; font-size: 8.5pt; font-family: Verdana, sans-serif; color: #000000; font-style: normal; font-weight: 400; line-height: normal;\"><span style=\"font-size: 9pt;\">Los campos marcados con un asterisco (*) o con la palabra (requerido) en nuestros formularios son de cumplimentaci\u00f3n obligatoria, la negativa a suministrarlos supondr\u00e1 la imposibilidad de prestarle el servicio o atender su solicitud.<\/span><\/p>\n<p class=\"clausulascliente\" style=\"margin: 0cm 0cm 6pt; text-align: justify; font-size: 8.5pt; font-family: Verdana, sans-serif; color: #000000; font-style: normal; font-weight: 400; line-height: normal;\"><span style=\"font-size: 9pt;\">En el caso que nos facilites datos de terceros, manifiestas contar con el consentimiento de los mismos y te comprometes a trasladarle la informaci\u00f3n que te facilitamos en esta cl\u00e1usula, eximiendo a JOSEFA GRANJEL REDONDO<\/span> <span style=\"font-size: 9pt;\">de cualquier tipo de obligaci\u00f3n. No obstante JOSEFA GRANJEL REDONDO<\/span> <span style=\"font-size: 9pt;\">podr\u00e1 llevar a cabo verificaciones para constatar que el tercero ha sido informado adoptando las medidas de diligencia establecidas en la normativa de protecci\u00f3n de datos.<\/span><\/p>\n<h2 style=\"margin: 6pt 0cm; text-align: justify; text-indent: 0cm; break-after: avoid; font-size: 9pt; font-family: Verdana, sans-serif; color: #000000; font-style: normal;\">5.<span style=\"font-style: normal; font-variant-numeric: normal; font-variant-east-asian: normal; font-weight: normal; font-stretch: normal; font-size: 7pt; line-height: normal; font-family: 'Times New Roman';\">&nbsp;&nbsp;&nbsp;&nbsp;&nbsp;&nbsp;&nbsp;&nbsp;&nbsp;&nbsp;&nbsp;&nbsp; <\/span>\u00bfA QU\u00c9 DESTINATARIOS SE COMUNICAR\u00c1N SUS DATOS?<\/h2>\n<p class=\"clausulascliente\" style=\"margin: 0cm 0cm 6pt; text-align: justify; font-size: 8.5pt; font-family: Verdana, sans-serif; color: #000000; font-style: normal; font-weight: 400; line-height: normal;\"><span style=\"font-size: 9pt;\">No se ceder\u00e1n datos a terceros salvo obligaci\u00f3n legal o en el supuesto que sea necesario para atender su solicitud.<\/span><\/p>\n<p class=\"clausulascliente\" style=\"margin: 0cm 0cm 6pt; text-align: justify; font-size: 8.5pt; font-family: Verdana, sans-serif; color: #000000; font-style: normal; font-weight: 400; line-height: normal;\"><span style=\"font-size: 9pt;\">Entre los destinatarios a los que pueden ser comunicados sus datos se encuentran:<\/span><\/p>\n<p class=\"MsoListParagraph\" style=\"margin: 6pt 0cm 6pt 35.45pt; text-align: justify; font-size: 9pt; font-family: Verdana, sans-serif; color: #000000; font-style: normal; font-weight: 400; text-indent: -17.85pt;\"><span style=\"font-family: Symbol;\">\u00b7<span style=\"font-style: normal; font-variant-numeric: normal; font-variant-east-asian: normal; font-weight: normal; font-stretch: normal; font-size: 7pt; line-height: normal; font-family: 'Times New Roman';\">&nbsp;&nbsp;&nbsp;&nbsp;&nbsp;&nbsp; <\/span><\/span>Administraciones y Organismos p\u00fablicos cuando as\u00ed lo exija la normativa fiscal, laboral, de Seguridad Social o cualquier otra aplicable. Empresas encargadas del tratamiento de datos (proveedores de detecci\u00f3n y prevenci\u00f3n de fraude, servicios tecnol\u00f3gicos, servicios de atenci\u00f3n al cliente, servicios publicitarios y marketing, y, en general, terceros proveedores que sean necesarios para la prestaci\u00f3n de los servicios ofrecidos por JOSEFA GRANJEL REDONDO como proveedores de servicios de mensajer\u00eda y transporte, etc\u2026<\/p>\n<p class=\"clausulascliente\" style=\"margin: 0cm 0cm 6pt; text-align: justify; font-size: 8.5pt; font-family: Verdana, sans-serif; color: #000000; font-style: normal; font-weight: 400; line-height: normal;\"><span style=\"font-size: 9pt;\">Tambi\u00e9n pueden producirse transferencias internacionales de datos en sede de las anteriores cesiones\/comunicaciones para las cuales JOSEFA GRANJEL REDONDO utilizar\u00e1 las Cl\u00e1usulas Contractuales Tipo adaptadas por la Comisi\u00f3n Europea y el Escudo de Privacidad UE-EE.UU. como garant\u00eda de aquellas transferencias realizadas a pa\u00edses que no cuentan con una decisi\u00f3n de adecuaci\u00f3n de la Comisi\u00f3n Europea.<\/span><\/p>\n<p class=\"clausulascliente\" style=\"margin: 0cm 0cm 6pt; text-align: justify; font-size: 8.5pt; font-family: Verdana, sans-serif; color: #000000; font-style: normal; font-weight: 400; line-height: normal;\"><span style=\"font-size: 9pt;\">En todo caso, los terceros con los cuales se compartan determinados datos de car\u00e1cter personal habr\u00e1n acreditado con car\u00e1cter previo la adopci\u00f3n de medidas t\u00e9cnicas y organizativas adecuadas para la correcta protecci\u00f3n de los mismos y se realizar\u00e1n solo con terceros pa\u00edses cuando exista un instrumento jur\u00eddico vinculante conforme a los art\u00edculos 46 y siguientes del RGPD. Con la aceptaci\u00f3n de esta pol\u00edtica de privacidad se acepta que se pueda producir una transferencia internacional de datos de acuerdo a las garant\u00edas indicadas.<\/span><\/p>\n<p class=\"clausulascliente\" style=\"margin: 0cm 0cm 6pt; text-align: justify; font-size: 8.5pt; font-family: Verdana, sans-serif; color: #000000; font-style: normal; font-weight: 400; line-height: normal;\"><span style=\"font-size: 9pt;\">En caso de que no se cumplan los requisitos contemplados en el art\u00edculo 46, el interesado podr\u00e1 otorgar su consentimiento a la transferencia internacional o ejecutarse un contrato en inter\u00e9s del interesado. En caso contrario se deber\u00e1 solicitar una autorizaci\u00f3n a la Autoridad de Control.<\/span><\/p>\n<p class=\"clausulascliente\" style=\"margin: 0cm 0cm 6pt; text-align: justify; font-size: 8.5pt; font-family: Verdana, sans-serif; color: #000000; font-style: normal; font-weight: 400; line-height: normal;\"><span style=\"font-size: 9pt;\">As\u00ed mismo, le informamos que algunos servicios prestados por y para JOSEFA GRANJEL REDONDO pueden implicar la transferencia de datos personales a un tercer pa\u00eds no perteneciente a la UE, en servicios \u00abcloud\u00bb ofrecidos por algunos de los principales proveedores internacionales (por ejemplo, Google, Microsoft). En esos servicios se confirmar\u00e1 el cumplimiento antes citado.&nbsp;<\/span><\/p>\n<p class=\"clausulascliente\" style=\"margin: 0cm 0cm 6pt; text-align: justify; font-size: 8.5pt; font-family: Verdana, sans-serif; color: #000000; font-style: normal; font-weight: 400; line-height: normal;\"><span style=\"font-size: 9pt;\">&nbsp;<\/span><\/p>\n<p class=\"clausulascliente\" style=\"margin: 0cm 0cm 6pt; text-align: justify; font-size: 8.5pt; font-family: Verdana, sans-serif; color: #000000; font-style: normal; font-weight: 400; line-height: normal;\"><span style=\"font-size: 9pt;\">JOSEFA GRANJEL REDONDO no vende en ning\u00fan caso datos de clientes a terceros.<\/span><\/p>\n<h2 style=\"margin: 6pt 0cm; text-align: justify; text-indent: 0cm; break-after: avoid; font-size: 9pt; font-family: Verdana, sans-serif; color: #000000; font-style: normal;\">6.<span style=\"font-style: normal; font-variant-numeric: normal; font-variant-east-asian: normal; font-weight: normal; font-stretch: normal; font-size: 7pt; line-height: normal; font-family: 'Times New Roman';\">&nbsp;&nbsp;&nbsp;&nbsp;&nbsp;&nbsp;&nbsp;&nbsp;&nbsp;&nbsp;&nbsp;&nbsp; <\/span>\u00bfQU\u00c9 DERECHOS LE ASISTEN Y C\u00d3MO PUEDE EJERCITARLOS?<\/h2>\n<p class=\"clausulascliente\" style=\"margin: 0cm 0cm 6pt; text-align: justify; font-size: 8.5pt; font-family: Verdana, sans-serif; color: #000000; font-style: normal; font-weight: 400; line-height: normal;\"><a name=\"_Hlk514501945\"><\/a><span style=\"font-size: 9pt; color: black;\">El usuario puede ejercer los siguientes derechos ante <\/span><span style=\"font-size: 9pt;\">JOSEFA GRANJEL REDONDO:<\/span><\/p>\n<p class=\"MsoListParagraphCxSpFirst\" style=\"color: #000000; font-size: medium; font-style: normal; font-weight: 400; margin: 0cm 0cm 6pt; text-indent: 14.2pt; line-height: normal;\"><b>a)<span style=\"font-style: normal; font-variant-numeric: normal; font-variant-east-asian: normal; font-weight: normal; font-stretch: normal; font-size: 7pt; line-height: normal; font-family: 'Times New Roman';\">&nbsp;&nbsp;&nbsp;&nbsp; <\/span><\/b>Acceder a sus datos personales<\/p>\n<p class=\"MsoListParagraphCxSpMiddle\" style=\"color: #000000; font-size: medium; font-style: normal; font-weight: 400; margin: 0cm 0cm 6pt; text-indent: 14.2pt; line-height: normal;\"><b>b)<span style=\"font-style: normal; font-variant-numeric: normal; font-variant-east-asian: normal; font-weight: normal; font-stretch: normal; font-size: 7pt; line-height: normal; font-family: 'Times New Roman';\">&nbsp;&nbsp;&nbsp;&nbsp; <\/span><\/b>Rectificarlos cuando son inexactos o incompletos<\/p>\n<p class=\"MsoListParagraphCxSpMiddle\" style=\"color: #000000; font-size: medium; font-style: normal; font-weight: 400; margin: 0cm 0cm 6pt 35.45pt; text-indent: -21.25pt; line-height: normal;\"><b>c)<span style=\"font-style: normal; font-variant-numeric: normal; font-variant-east-asian: normal; font-weight: normal; font-stretch: normal; font-size: 7pt; line-height: normal; font-family: 'Times New Roman';\">&nbsp;&nbsp;&nbsp;&nbsp;&nbsp; <\/span><\/b>Solicitar la supresi\u00f3n o cancelaci\u00f3n de los datos cuando, entre otros motivos hayan dejado de ser necesarios para los fines para los que fueron recogidos<\/p>\n<p class=\"MsoListParagraphCxSpMiddle\" style=\"color: #000000; font-size: medium; font-style: normal; font-weight: 400; margin: 0cm 0cm 6pt; text-indent: 14.2pt; line-height: normal;\"><b>d)<span style=\"font-style: normal; font-variant-numeric: normal; font-variant-east-asian: normal; font-weight: normal; font-stretch: normal; font-size: 7pt; line-height: normal; font-family: 'Times New Roman';\">&nbsp;&nbsp;&nbsp;&nbsp; <\/span><\/b>Oponerse a su tratamiento<\/p>\n<p class=\"MsoListParagraphCxSpMiddle\" style=\"color: #000000; font-size: medium; font-style: normal; font-weight: 400; margin: 0cm 0cm 6pt 35.45pt; text-indent: -21.25pt; line-height: normal;\"><b>e)<span style=\"font-style: normal; font-variant-numeric: normal; font-variant-east-asian: normal; font-weight: normal; font-stretch: normal; font-size: 7pt; line-height: normal; font-family: 'Times New Roman';\">&nbsp;&nbsp;&nbsp;&nbsp; <\/span><\/b>Pedir la limitaci\u00f3n del tratamiento de sus datos cuando se den alguna de las condiciones previstas en la normativa<\/p>\n<p class=\"MsoListParagraphCxSpMiddle\" style=\"color: #000000; font-size: medium; font-style: normal; font-weight: 400; margin: 0cm 0cm 6pt; text-indent: 14.2pt; line-height: normal;\"><b>f)<span style=\"font-style: normal; font-variant-numeric: normal; font-variant-east-asian: normal; font-weight: normal; font-stretch: normal; font-size: 7pt; line-height: normal; font-family: 'Times New Roman';\">&nbsp;&nbsp;&nbsp;&nbsp;&nbsp; <\/span><\/b>Solicitar la portabilidad de sus datos en los casos previstos en la normativa<\/p>\n<p class=\"MsoListParagraphCxSpMiddle\" style=\"color: #000000; font-size: medium; font-style: normal; font-weight: 400; margin: 0cm 0cm 6pt; text-indent: 14.2pt; line-height: normal;\"><b>g)<span style=\"font-style: normal; font-variant-numeric: normal; font-variant-east-asian: normal; font-weight: normal; font-stretch: normal; font-size: 7pt; line-height: normal; font-family: 'Times New Roman';\">&nbsp;&nbsp;&nbsp;&nbsp; <\/span><\/b>Impedir ser objeto de decisiones automatizadas<\/p>\n<p class=\"MsoListParagraphCxSpLast\" style=\"color: #000000; font-size: medium; font-style: normal; font-weight: 400; margin: 0cm 0cm 6pt; text-indent: 14.2pt; line-height: normal;\"><b>h)<span style=\"font-style: normal; font-variant-numeric: normal; font-variant-east-asian: normal; font-weight: normal; font-stretch: normal; font-size: 7pt; line-height: normal; font-family: 'Times New Roman';\">&nbsp;&nbsp;&nbsp;&nbsp; <\/span><\/b>Revocar los consentimientos otorgados<\/p>\n<p class=\"clausulascliente\" style=\"margin: 0cm 0cm 6pt; text-align: justify; font-size: 8.5pt; font-family: Verdana, sans-serif; color: #000000; font-style: normal; font-weight: 400; line-height: normal;\"><span style=\"font-size: 9pt;\">El usuario, para ejercer sus derechos, deber\u00e1 enviar un escrito en el que indique el derecho que desea ejercitar y acompa\u00f1ar documento acreditativo de su identidad y direcci\u00f3n postal o electr\u00f3nica a efectos de notificaci\u00f3n. Esta solicitud puede realizarla, bien mediante correo postal a: <\/span><span style=\"font-size: 9pt;\">JOSEFA GRANJEL REDONDO Calle Pedro y Guy Vandaele, 21, 35660 &#8211; Corralejo&nbsp; (La Oliva , Fuerteventura) (Las Palmas), o bien en la siguiente direcci\u00f3n de correo-e: info@corralejolodge.com <\/span><span style=\"font-size: 9pt;\">.<\/span><\/p>\n<p class=\"clausulascliente\" style=\"margin: 0cm 0cm 6pt; text-align: justify; font-size: 8.5pt; font-family: Verdana, sans-serif; color: #000000; font-style: normal; font-weight: 400; line-height: normal;\"><span style=\"font-size: 9pt;\">JOSEFA GRANJEL REDONDO deber\u00e1 contestar la solicitud del ejercicio de derechos en el <b>plazo de un mes<\/b> a partir de la recepci\u00f3n de la solicitud. Dicho plazo podr\u00e1 prorrogarse otros dos meses en caso necesario, teniendo en cuenta la complejidad y el n\u00famero de solicitudes.&nbsp; Le informaremos de cualquier pr\u00f3rroga en el plazo de un mes a partir de la recepci\u00f3n de la solicitud indicando los motivos de la dilaci\u00f3n.<\/span><\/p>\n<p class=\"MsoNormal\" style=\"margin: 0cm 0cm 6pt; text-align: justify; font-size: 9pt; font-family: Verdana, sans-serif; color: #000000; font-style: normal; font-weight: 400; line-height: normal;\">Asimismo, los interesados tienen derecho a reclamar ante la Autoridad de Control competente (Agencia Espa\u00f1ola de Protecci\u00f3n de Datos) cuando consideren que JOSEFA GRANJEL REDONDO ha vulnerado los derechos que la normativa de protecci\u00f3n de datos les reconoce en <a style=\"color: blue; text-decoration-line: underline;\" href=\"http:\/\/www.aepd.es\">www.aepd.es<\/a><\/p>\n<h2 style=\"margin: 6pt 0cm; text-align: justify; text-indent: 0cm; break-after: avoid; font-size: 9pt; font-family: Verdana, sans-serif; color: #000000; font-style: normal;\">7.<span style=\"font-style: normal; font-variant-numeric: normal; font-variant-east-asian: normal; font-weight: normal; font-stretch: normal; font-size: 7pt; line-height: normal; font-family: 'Times New Roman';\">&nbsp;&nbsp;&nbsp;&nbsp;&nbsp;&nbsp;&nbsp;&nbsp;&nbsp;&nbsp;&nbsp;&nbsp; <\/span>\u00bfEST\u00c1N SEGUROS MIS DATOS?<\/h2>\n<p class=\"clausulascliente\" style=\"margin: 0cm 0cm 6pt; text-align: justify; font-size: 8.5pt; font-family: Verdana, sans-serif; color: #000000; font-style: normal; font-weight: 400; line-height: normal;\"><span style=\"font-size: 9pt;\">JOSEFA GRANJEL REDONDO<\/span> <span style=\"font-size: 9pt;\">tiene vigente un contrato con la empresa de Hosting acens Technologies, S.L.<\/span> <span style=\"font-size: 9pt;\">para el alojamiento de su p\u00e1gina web. Es una empresa europea y dispone de los \u00faltimos sistemas en medidas de seguridad. JOSEFA GRANJEL REDONDO garantiza la adopci\u00f3n de las medidas oportunas para asegurar el tratamiento confidencial de sus datos habida cuenta del car\u00e1cter reservado de los mismos.<\/span><\/p>\n<p class=\"Textbody\" style=\"margin: 0cm 0cm 6pt; text-align: justify; font-size: 12pt; font-family: 'Times New Roman', serif; color: #000000; font-style: normal; font-weight: 400;\"><span style=\"font-size: 9pt; font-family: Verdana, sans-serif;\">JOSEFA GRANJEL REDONDO se compromete a que dichos datos permanezcan secretos, trat\u00e1ndolos con la m\u00e1xima reserva, y declara tener implantadas en su sistema de informaci\u00f3n, las pol\u00edticas de seguridad correspondientes al tipo de datos manejados conforme a lo dispuesto en el&nbsp; REGLAMENTO (UE) 2016\/679 DEL PARLAMENTO EUROPEO Y DEL CONSEJO de 27 de abril de 2016 relativo a la protecci\u00f3n de las personas f\u00edsicas en lo que respecta al tratamiento de datos personales y a la libre circulaci\u00f3n de estos datos (RGPD).<\/span><\/p>\n<p class=\"Textbody\" style=\"margin: 0cm 0cm 6pt; text-align: justify; font-size: 12pt; font-family: 'Times New Roman', serif; color: #000000; font-style: normal; font-weight: 400;\"><span style=\"font-size: 9pt; font-family: Verdana, sans-serif;\">Todos los datos facilitados a trav\u00e9s de nuestra plataforma se recopilan mediante un protocolo seguro. Nuestra <\/span><span style=\"font-size: 9pt; font-family: Verdana, sans-serif;\">web posee un certifica<\/span><span style=\"font-size: 9pt; font-family: Verdana, sans-serif;\">d<\/span><span style=\"font-size: 9pt; font-family: Verdana, sans-serif;\">o SSL que permite que cuando alg\u00fan usuario visita nuestra web e intercambia informaci\u00f3n con nosotros se establece una conexi\u00f3n cifrada.<\/span><\/p>\n<h2 style=\"margin: 6pt 0cm; text-align: justify; text-indent: 0cm; break-after: avoid; font-size: 9pt; font-family: Verdana, sans-serif; color: #000000; font-style: normal;\">8.<span style=\"font-style: normal; font-variant-numeric: normal; font-variant-east-asian: normal; font-weight: normal; font-stretch: normal; font-size: 7pt; line-height: normal; font-family: 'Times New Roman';\">&nbsp;&nbsp;&nbsp;&nbsp;&nbsp;&nbsp;&nbsp;&nbsp;&nbsp;&nbsp;&nbsp;&nbsp; <\/span>ENLACES A OTROS SITIOS WEB<\/h2>\n<p class=\"clausulascliente\" style=\"margin: 0cm 0cm 6pt; text-align: justify; font-size: 8.5pt; font-family: Verdana, sans-serif; color: #000000; font-style: normal; font-weight: 400; line-height: normal;\"><span style=\"font-size: 9pt;\">Si opta por abandonar nuestro sitio Web a trav\u00e9s de enlaces a otros sitios Web no pertenecientes a nuestra entidad, JOSEFA GRANJEL REDONDO<\/span> <span style=\"font-size: 9pt;\">no se har\u00e1 responsable de las pol\u00edticas de privacidad de dichos sitios Web ni de las cookies que estos puedan almacenar en el ordenador del usuario.<\/span><\/p>\n<p class=\"clausulascliente\" style=\"margin: 0cm 0cm 0.0001pt; text-align: justify; font-size: 8.5pt; font-family: Verdana, sans-serif; color: #000000; font-style: normal; font-weight: 400; line-height: normal;\"><b><span style=\"font-size: 8pt;\">&nbsp;<\/span><\/b><\/p>\n<p><\/p>\n<p class=\"clausulascliente\" style=\"margin: 0cm 0cm 0.0001pt 14.2pt; text-align: justify; font-size: 8.5pt; font-family: Verdana, sans-serif; color: #000000; font-style: normal; font-weight: 400; line-height: normal;\">\n<\/p>\t\t\t\t\t\t\t\t<\/div>\n\t\t\t\t<\/div>\n\t\t\t\t\t<\/div>\n\t\t<\/div>\n\t\t\t\t\t<\/div>\n\t\t<\/section>\n\t\t\t\t<\/div>\n\t\t","protected":false},"excerpt":{"rendered":"<p>&nbsp;NUESTRA POL\u00cdTICA DE PRIVACIDAD DE UN VISTAZO &nbsp; \u00bfQui\u00e9nes somos? Somos JOSEFA GRANJEL REDONDO y tratamos tus datos como Responsable del Tratamiento. Eso significa que nos hacemos cargo de c\u00f3mo usar y proteger tus datos personales. &nbsp; \u00bfPara qu\u00e9 usamos tus datos? Usamos los datos que nos has facilitado online o a trav\u00e9s de cualquier [&hellip;]<\/p>\n","protected":false},"author":3,"featured_media":0,"parent":0,"menu_order":0,"comment_status":"closed","ping_status":"closed","template":"","meta":{"_monsterinsights_skip_tracking":false,"_monsterinsights_sitenote_active":false,"_monsterinsights_sitenote_note":"","_monsterinsights_sitenote_category":0,"site-sidebar-layout":"no-sidebar","site-content-layout":"page-builder","ast-site-content-layout":"default","site-content-style":"default","site-sidebar-style":"default","ast-global-header-display":"","ast-banner-title-visibility":"","ast-main-header-display":"","ast-hfb-above-header-display":"","ast-hfb-below-header-display":"","ast-hfb-mobile-header-display":"","site-post-title":"disabled","ast-breadcrumbs-content":"","ast-featured-img":"disabled","footer-sml-layout":"","ast-disable-related-posts":"","theme-transparent-header-meta":"","adv-header-id-meta":"","stick-header-meta":"","header-above-stick-meta":"","header-main-stick-meta":"","header-below-stick-meta":"","astra-migrate-meta-layouts":"default","ast-page-background-enabled":"default","ast-page-background-meta":{"desktop":{"background-color":"","background-image":"","background-repeat":"repeat","background-position":"center center","background-size":"auto","background-attachment":"scroll","background-type":"","background-media":"","overlay-type":"","overlay-color":"","overlay-opacity":"","overlay-gradient":""},"tablet":{"background-color":"","background-image":"","background-repeat":"repeat","background-position":"center center","background-size":"auto","background-attachment":"scroll","background-type":"","background-media":"","overlay-type":"","overlay-color":"","overlay-opacity":"","overlay-gradient":""},"mobile":{"background-color":"","background-image":"","background-repeat":"repeat","background-position":"center center","background-size":"auto","background-attachment":"scroll","background-type":"","background-media":"","overlay-type":"","overlay-color":"","overlay-opacity":"","overlay-gradient":""}},"ast-content-background-meta":{"desktop":{"background-color":"var(--ast-global-color-5)","background-image":"","background-repeat":"repeat","background-position":"center center","background-size":"auto","background-attachment":"scroll","background-type":"","background-media":"","overlay-type":"","overlay-color":"","overlay-opacity":"","overlay-gradient":""},"tablet":{"background-color":"var(--ast-global-color-5)","background-image":"","background-repeat":"repeat","background-position":"center center","background-size":"auto","background-attachment":"scroll","background-type":"","background-media":"","overlay-type":"","overlay-color":"","overlay-opacity":"","overlay-gradient":""},"mobile":{"background-color":"var(--ast-global-color-5)","background-image":"","background-repeat":"repeat","background-position":"center center","background-size":"auto","background-attachment":"scroll","background-type":"","background-media":"","overlay-type":"","overlay-color":"","overlay-opacity":"","overlay-gradient":""}},"footnotes":""},"class_list":["post-557","page","type-page","status-publish","hentry"],"yoast_head":"<!-- This site is optimized with the Yoast SEO plugin v27.9 - https:\/\/yoast.com\/product\/yoast-seo-wordpress\/ -->\n<title>Pol\u00edtica de privacidad - www.corralejolodge.com<\/title>\n<meta name=\"robots\" content=\"index, follow, max-snippet:-1, max-image-preview:large, max-video-preview:-1\" \/>\n<link rel=\"canonical\" href=\"https:\/\/corralejolodge.com\/index.php\/politica-de-privacidad\/\" \/>\n<meta property=\"og:locale\" content=\"es_ES\" \/>\n<meta property=\"og:type\" content=\"article\" \/>\n<meta property=\"og:title\" content=\"Pol\u00edtica de privacidad - www.corralejolodge.com\" \/>\n<meta property=\"og:description\" content=\"&nbsp;NUESTRA POL\u00cdTICA DE PRIVACIDAD DE UN VISTAZO &nbsp; \u00bfQui\u00e9nes somos? Somos JOSEFA GRANJEL REDONDO y tratamos tus datos como Responsable del Tratamiento. Eso significa que nos hacemos cargo de c\u00f3mo usar y proteger tus datos personales. &nbsp; \u00bfPara qu\u00e9 usamos tus datos? Usamos los datos que nos has facilitado online o a trav\u00e9s de cualquier [&hellip;]\" \/>\n<meta property=\"og:url\" content=\"https:\/\/corralejolodge.com\/index.php\/politica-de-privacidad\/\" \/>\n<meta property=\"og:site_name\" content=\"www.corralejolodge.com\" \/>\n<meta property=\"article:publisher\" content=\"https:\/\/m.facebook.com\/CorralejoLodgeFuerteventura\/\" \/>\n<meta property=\"article:modified_time\" content=\"2022-10-28T21:58:57+00:00\" \/>\n<meta name=\"twitter:card\" content=\"summary_large_image\" \/>\n<meta name=\"twitter:label1\" content=\"Tiempo de lectura\" \/>\n\t<meta name=\"twitter:data1\" content=\"22 minutos\" \/>\n<script type=\"application\/ld+json\" class=\"yoast-schema-graph\">{\"@context\":\"https:\\\/\\\/schema.org\",\"@graph\":[{\"@type\":\"WebPage\",\"@id\":\"https:\\\/\\\/corralejolodge.com\\\/index.php\\\/politica-de-privacidad\\\/\",\"url\":\"https:\\\/\\\/corralejolodge.com\\\/index.php\\\/politica-de-privacidad\\\/\",\"name\":\"Pol\u00edtica de privacidad - www.corralejolodge.com\",\"isPartOf\":{\"@id\":\"https:\\\/\\\/corralejolodge.com\\\/#website\"},\"datePublished\":\"2022-09-21T09:08:15+00:00\",\"dateModified\":\"2022-10-28T21:58:57+00:00\",\"breadcrumb\":{\"@id\":\"https:\\\/\\\/corralejolodge.com\\\/index.php\\\/politica-de-privacidad\\\/#breadcrumb\"},\"inLanguage\":\"es\",\"potentialAction\":[{\"@type\":\"ReadAction\",\"target\":[\"https:\\\/\\\/corralejolodge.com\\\/index.php\\\/politica-de-privacidad\\\/\"]}]},{\"@type\":\"BreadcrumbList\",\"@id\":\"https:\\\/\\\/corralejolodge.com\\\/index.php\\\/politica-de-privacidad\\\/#breadcrumb\",\"itemListElement\":[{\"@type\":\"ListItem\",\"position\":1,\"name\":\"Portada\",\"item\":\"https:\\\/\\\/corralejolodge.com\\\/\"},{\"@type\":\"ListItem\",\"position\":2,\"name\":\"Pol\u00edtica de privacidad\"}]},{\"@type\":\"WebSite\",\"@id\":\"https:\\\/\\\/corralejolodge.com\\\/#website\",\"url\":\"https:\\\/\\\/corralejolodge.com\\\/\",\"name\":\"www.corralejolodge.com\",\"description\":\"Apartamentos Corralejo Lodge \",\"publisher\":{\"@id\":\"https:\\\/\\\/corralejolodge.com\\\/#organization\"},\"potentialAction\":[{\"@type\":\"SearchAction\",\"target\":{\"@type\":\"EntryPoint\",\"urlTemplate\":\"https:\\\/\\\/corralejolodge.com\\\/?s={search_term_string}\"},\"query-input\":{\"@type\":\"PropertyValueSpecification\",\"valueRequired\":true,\"valueName\":\"search_term_string\"}}],\"inLanguage\":\"es\"},{\"@type\":\"Organization\",\"@id\":\"https:\\\/\\\/corralejolodge.com\\\/#organization\",\"name\":\"Corralejo Lodge\",\"url\":\"https:\\\/\\\/corralejolodge.com\\\/\",\"logo\":{\"@type\":\"ImageObject\",\"inLanguage\":\"es\",\"@id\":\"https:\\\/\\\/corralejolodge.com\\\/#\\\/schema\\\/logo\\\/image\\\/\",\"url\":\"https:\\\/\\\/corralejolodge.com\\\/wp-content\\\/uploads\\\/2020\\\/05\\\/logo-corralejo-lodge.jpg\",\"contentUrl\":\"https:\\\/\\\/corralejolodge.com\\\/wp-content\\\/uploads\\\/2020\\\/05\\\/logo-corralejo-lodge.jpg\",\"width\":1119,\"height\":636,\"caption\":\"Corralejo Lodge\"},\"image\":{\"@id\":\"https:\\\/\\\/corralejolodge.com\\\/#\\\/schema\\\/logo\\\/image\\\/\"},\"sameAs\":[\"https:\\\/\\\/m.facebook.com\\\/CorralejoLodgeFuerteventura\\\/\",\"https:\\\/\\\/www.instagram.com\\\/corralejo_lodge\\\/\"]}]}<\/script>\n<!-- \/ Yoast SEO plugin. -->","yoast_head_json":{"title":"Pol\u00edtica de privacidad - www.corralejolodge.com","robots":{"index":"index","follow":"follow","max-snippet":"max-snippet:-1","max-image-preview":"max-image-preview:large","max-video-preview":"max-video-preview:-1"},"canonical":"https:\/\/corralejolodge.com\/index.php\/politica-de-privacidad\/","og_locale":"es_ES","og_type":"article","og_title":"Pol\u00edtica de privacidad - www.corralejolodge.com","og_description":"&nbsp;NUESTRA POL\u00cdTICA DE PRIVACIDAD DE UN VISTAZO &nbsp; \u00bfQui\u00e9nes somos? Somos JOSEFA GRANJEL REDONDO y tratamos tus datos como Responsable del Tratamiento. Eso significa que nos hacemos cargo de c\u00f3mo usar y proteger tus datos personales. &nbsp; \u00bfPara qu\u00e9 usamos tus datos? Usamos los datos que nos has facilitado online o a trav\u00e9s de cualquier [&hellip;]","og_url":"https:\/\/corralejolodge.com\/index.php\/politica-de-privacidad\/","og_site_name":"www.corralejolodge.com","article_publisher":"https:\/\/m.facebook.com\/CorralejoLodgeFuerteventura\/","article_modified_time":"2022-10-28T21:58:57+00:00","twitter_card":"summary_large_image","twitter_misc":{"Tiempo de lectura":"22 minutos"},"schema":{"@context":"https:\/\/schema.org","@graph":[{"@type":"WebPage","@id":"https:\/\/corralejolodge.com\/index.php\/politica-de-privacidad\/","url":"https:\/\/corralejolodge.com\/index.php\/politica-de-privacidad\/","name":"Pol\u00edtica de privacidad - www.corralejolodge.com","isPartOf":{"@id":"https:\/\/corralejolodge.com\/#website"},"datePublished":"2022-09-21T09:08:15+00:00","dateModified":"2022-10-28T21:58:57+00:00","breadcrumb":{"@id":"https:\/\/corralejolodge.com\/index.php\/politica-de-privacidad\/#breadcrumb"},"inLanguage":"es","potentialAction":[{"@type":"ReadAction","target":["https:\/\/corralejolodge.com\/index.php\/politica-de-privacidad\/"]}]},{"@type":"BreadcrumbList","@id":"https:\/\/corralejolodge.com\/index.php\/politica-de-privacidad\/#breadcrumb","itemListElement":[{"@type":"ListItem","position":1,"name":"Portada","item":"https:\/\/corralejolodge.com\/"},{"@type":"ListItem","position":2,"name":"Pol\u00edtica de privacidad"}]},{"@type":"WebSite","@id":"https:\/\/corralejolodge.com\/#website","url":"https:\/\/corralejolodge.com\/","name":"www.corralejolodge.com","description":"Apartamentos Corralejo Lodge ","publisher":{"@id":"https:\/\/corralejolodge.com\/#organization"},"potentialAction":[{"@type":"SearchAction","target":{"@type":"EntryPoint","urlTemplate":"https:\/\/corralejolodge.com\/?s={search_term_string}"},"query-input":{"@type":"PropertyValueSpecification","valueRequired":true,"valueName":"search_term_string"}}],"inLanguage":"es"},{"@type":"Organization","@id":"https:\/\/corralejolodge.com\/#organization","name":"Corralejo Lodge","url":"https:\/\/corralejolodge.com\/","logo":{"@type":"ImageObject","inLanguage":"es","@id":"https:\/\/corralejolodge.com\/#\/schema\/logo\/image\/","url":"https:\/\/corralejolodge.com\/wp-content\/uploads\/2020\/05\/logo-corralejo-lodge.jpg","contentUrl":"https:\/\/corralejolodge.com\/wp-content\/uploads\/2020\/05\/logo-corralejo-lodge.jpg","width":1119,"height":636,"caption":"Corralejo Lodge"},"image":{"@id":"https:\/\/corralejolodge.com\/#\/schema\/logo\/image\/"},"sameAs":["https:\/\/m.facebook.com\/CorralejoLodgeFuerteventura\/","https:\/\/www.instagram.com\/corralejo_lodge\/"]}]}},"_links":{"self":[{"href":"https:\/\/corralejolodge.com\/index.php\/wp-json\/wp\/v2\/pages\/557","targetHints":{"allow":["GET"]}}],"collection":[{"href":"https:\/\/corralejolodge.com\/index.php\/wp-json\/wp\/v2\/pages"}],"about":[{"href":"https:\/\/corralejolodge.com\/index.php\/wp-json\/wp\/v2\/types\/page"}],"author":[{"embeddable":true,"href":"https:\/\/corralejolodge.com\/index.php\/wp-json\/wp\/v2\/users\/3"}],"replies":[{"embeddable":true,"href":"https:\/\/corralejolodge.com\/index.php\/wp-json\/wp\/v2\/comments?post=557"}],"version-history":[{"count":14,"href":"https:\/\/corralejolodge.com\/index.php\/wp-json\/wp\/v2\/pages\/557\/revisions"}],"predecessor-version":[{"id":588,"href":"https:\/\/corralejolodge.com\/index.php\/wp-json\/wp\/v2\/pages\/557\/revisions\/588"}],"wp:attachment":[{"href":"https:\/\/corralejolodge.com\/index.php\/wp-json\/wp\/v2\/media?parent=557"}],"curies":[{"name":"wp","href":"https:\/\/api.w.org\/{rel}","templated":true}]}}